{"id":333,"date":"2021-07-08T08:40:39","date_gmt":"2021-07-08T08:40:39","guid":{"rendered":"http:\/\/sansebastian.sietepuntosiete.es\/?page_id=333"},"modified":"2025-06-25T11:38:19","modified_gmt":"2025-06-25T09:38:19","slug":"formacion-profesional","status":"publish","type":"page","link":"https:\/\/www.iessansebastian.com\/web\/formacion-profesional\/","title":{"rendered":"FORMACI\u00d3N PROFESIONAL"},"content":{"rendered":"\t\t<div data-elementor-type=\"wp-page\" data-elementor-id=\"333\" class=\"elementor elementor-333\">\n\t\t\t\t\t\t<section class=\"elementor-section elementor-top-section elementor-element elementor-element-b37959b elementor-section-boxed elementor-section-height-default elementor-section-height-default\" data-id=\"b37959b\" data-element_type=\"section\" data-e-type=\"section\">\n\t\t\t\t\t\t<div class=\"elementor-container elementor-column-gap-default\">\n\t\t\t\t\t<div class=\"elementor-column elementor-col-100 elementor-top-column elementor-element elementor-element-9f9896f\" data-id=\"9f9896f\" data-element_type=\"column\" data-e-type=\"column\">\n\t\t\t<div class=\"elementor-widget-wrap elementor-element-populated\">\n\t\t\t\t\t\t<div class=\"elementor-element elementor-element-dc21580 elementor-widget elementor-widget-image\" data-id=\"dc21580\" data-element_type=\"widget\" data-e-type=\"widget\" data-widget_type=\"image.default\">\n\t\t\t\t<div class=\"elementor-widget-container\">\n\t\t\t\t\t\t\t\t\t\t\t\t\t\t\t<img fetchpriority=\"high\" decoding=\"async\" width=\"825\" height=\"400\" src=\"https:\/\/www.iessansebastian.com\/web\/wp-content\/uploads\/2021\/07\/20201027-fporienta.jpg\" class=\"attachment-full size-full wp-image-1336\" alt=\"\" srcset=\"https:\/\/www.iessansebastian.com\/web\/wp-content\/uploads\/2021\/07\/20201027-fporienta.jpg 825w, https:\/\/www.iessansebastian.com\/web\/wp-content\/uploads\/2021\/07\/20201027-fporienta-300x145.jpg 300w, https:\/\/www.iessansebastian.com\/web\/wp-content\/uploads\/2021\/07\/20201027-fporienta-768x372.jpg 768w\" sizes=\"(max-width: 825px) 100vw, 825px\" \/>\t\t\t\t\t\t\t\t\t\t\t\t\t\t\t<\/div>\n\t\t\t\t<\/div>\n\t\t\t\t\t<\/div>\n\t\t<\/div>\n\t\t\t\t\t<\/div>\n\t\t<\/section>\n\t\t\t\t<section class=\"elementor-section elementor-top-section elementor-element elementor-element-654ba31 elementor-section-boxed elementor-section-height-default elementor-section-height-default\" data-id=\"654ba31\" data-element_type=\"section\" data-e-type=\"section\">\n\t\t\t\t\t\t<div class=\"elementor-container elementor-column-gap-default\">\n\t\t\t\t\t<div class=\"elementor-column elementor-col-100 elementor-top-column elementor-element elementor-element-b1a306d\" data-id=\"b1a306d\" data-element_type=\"column\" data-e-type=\"column\">\n\t\t\t<div class=\"elementor-widget-wrap elementor-element-populated\">\n\t\t\t\t\t\t<div class=\"elementor-element elementor-element-1226d2c elementor-widget-divider--view-line elementor-widget elementor-widget-divider\" data-id=\"1226d2c\" data-element_type=\"widget\" data-e-type=\"widget\" data-widget_type=\"divider.default\">\n\t\t\t\t<div class=\"elementor-widget-container\">\n\t\t\t\t\t\t\t<div class=\"elementor-divider\">\n\t\t\t<span class=\"elementor-divider-separator\">\n\t\t\t\t\t\t<\/span>\n\t\t<\/div>\n\t\t\t\t\t\t<\/div>\n\t\t\t\t<\/div>\n\t\t\t\t\t<\/div>\n\t\t<\/div>\n\t\t\t\t\t<\/div>\n\t\t<\/section>\n\t\t\t\t<section class=\"elementor-section elementor-top-section elementor-element elementor-element-1e8d564 elementor-section-boxed elementor-section-height-default elementor-section-height-default\" data-id=\"1e8d564\" data-element_type=\"section\" data-e-type=\"section\">\n\t\t\t\t\t\t<div class=\"elementor-container elementor-column-gap-default\">\n\t\t\t\t\t<div class=\"elementor-column elementor-col-100 elementor-top-column elementor-element elementor-element-cd8c5df\" data-id=\"cd8c5df\" data-element_type=\"column\" data-e-type=\"column\">\n\t\t\t<div class=\"elementor-widget-wrap elementor-element-populated\">\n\t\t\t\t\t\t<div class=\"elementor-element elementor-element-e2197ac elementor-widget elementor-widget-heading\" data-id=\"e2197ac\" data-element_type=\"widget\" data-e-type=\"widget\" data-widget_type=\"heading.default\">\n\t\t\t\t<div class=\"elementor-widget-container\">\n\t\t\t\t\t<h2 class=\"elementor-heading-title elementor-size-default\">ADMISI\u00d3N CURSO 2025-2026<\/h2>\t\t\t\t<\/div>\n\t\t\t\t<\/div>\n\t\t\t\t<div class=\"elementor-element elementor-element-5461720 elementor-widget-divider--view-line elementor-widget elementor-widget-divider\" data-id=\"5461720\" data-element_type=\"widget\" data-e-type=\"widget\" data-widget_type=\"divider.default\">\n\t\t\t\t<div class=\"elementor-widget-container\">\n\t\t\t\t\t\t\t<div class=\"elementor-divider\">\n\t\t\t<span class=\"elementor-divider-separator\">\n\t\t\t\t\t\t<\/span>\n\t\t<\/div>\n\t\t\t\t\t\t<\/div>\n\t\t\t\t<\/div>\n\t\t\t\t<div class=\"elementor-element elementor-element-cb7e640 elementor-widget elementor-widget-heading\" data-id=\"cb7e640\" data-element_type=\"widget\" data-e-type=\"widget\" data-widget_type=\"heading.default\">\n\t\t\t\t<div class=\"elementor-widget-container\">\n\t\t\t\t\t<h2 class=\"elementor-heading-title elementor-size-default\"><br>Oferta Completa R\u00e9gimen Ordinario 1\u00ba Curso: (alumnado nuevo ingreso)<br><\/h2>\t\t\t\t<\/div>\n\t\t\t\t<\/div>\n\t\t\t\t\t<\/div>\n\t\t<\/div>\n\t\t\t\t\t<\/div>\n\t\t<\/section>\n\t\t\t\t<section class=\"elementor-section elementor-top-section elementor-element elementor-element-edc0e10 elementor-section-boxed elementor-section-height-default elementor-section-height-default\" data-id=\"edc0e10\" data-element_type=\"section\" data-e-type=\"section\">\n\t\t\t\t\t\t<div class=\"elementor-container elementor-column-gap-default\">\n\t\t\t\t\t<div class=\"elementor-column elementor-col-100 elementor-top-column elementor-element elementor-element-8e0bbdf\" data-id=\"8e0bbdf\" data-element_type=\"column\" data-e-type=\"column\">\n\t\t\t<div class=\"elementor-widget-wrap elementor-element-populated\">\n\t\t\t\t\t\t<div class=\"elementor-element elementor-element-fad7373 elementor-widget elementor-widget-text-editor\" data-id=\"fad7373\" data-element_type=\"widget\" data-e-type=\"widget\" data-widget_type=\"text-editor.default\">\n\t\t\t\t<div class=\"elementor-widget-container\">\n\t\t\t\t\t\t\t\t\t<h2><strong>Deben realizar este proceso de admisi\u00f3n, el<u>\u00a0alumnado de nuevo ingreso<\/u>\u00a0\u00a0<u>o que\u00a0 siendo del centro, desee INICIAR estas ense\u00f1anzas<\/u> en Oferta Completa.<\/strong><\/h2><p>Se deber\u00e1 solicitar mediante una\u00a0<strong>\u00fanica solicitud<\/strong>\u00a0en la que se indicar\u00e1 el ciclo formativo y\u00a0 centro educativo en el que desea ser admitido. En la misma solicitud\u00a0 puede indicar hasta 10 ciclos formativos en orden de prioridad.<\/p>\t\t\t\t\t\t\t\t<\/div>\n\t\t\t\t<\/div>\n\t\t\t\t\t<\/div>\n\t\t<\/div>\n\t\t\t\t\t<\/div>\n\t\t<\/section>\n\t\t\t\t<section class=\"elementor-section elementor-top-section elementor-element elementor-element-440816f elementor-section-boxed elementor-section-height-default elementor-section-height-default\" data-id=\"440816f\" data-element_type=\"section\" data-e-type=\"section\">\n\t\t\t\t\t\t<div class=\"elementor-container elementor-column-gap-default\">\n\t\t\t\t\t<div class=\"elementor-column elementor-col-100 elementor-top-column elementor-element elementor-element-c02a0ee\" data-id=\"c02a0ee\" data-element_type=\"column\" data-e-type=\"column\">\n\t\t\t<div class=\"elementor-widget-wrap elementor-element-populated\">\n\t\t\t\t\t\t<div class=\"elementor-element elementor-element-c261828 elementor-widget elementor-widget-toggle\" data-id=\"c261828\" data-element_type=\"widget\" data-e-type=\"widget\" data-widget_type=\"toggle.default\">\n\t\t\t\t<div class=\"elementor-widget-container\">\n\t\t\t\t\t\t\t<div class=\"elementor-toggle\">\n\t\t\t\t\t\t\t<div class=\"elementor-toggle-item\">\n\t\t\t\t\t<div id=\"elementor-tab-title-2031\" class=\"elementor-tab-title\" data-tab=\"1\" role=\"button\" aria-controls=\"elementor-tab-content-2031\" aria-expanded=\"false\">\n\t\t\t\t\t\t\t\t\t\t\t\t<span class=\"elementor-toggle-icon elementor-toggle-icon-left\" aria-hidden=\"true\">\n\t\t\t\t\t\t\t\t\t\t\t\t\t\t\t<span class=\"elementor-toggle-icon-closed\"><i class=\"fas fa-angle-double-down\"><\/i><\/span>\n\t\t\t\t\t\t\t\t<span class=\"elementor-toggle-icon-opened\"><i class=\"elementor-toggle-icon-opened fas fa-caret-up\"><\/i><\/span>\n\t\t\t\t\t\t\t\t\t\t\t\t\t<\/span>\n\t\t\t\t\t\t\t\t\t\t\t\t<a class=\"elementor-toggle-title\" tabindex=\"0\">CALENDARIO DE ADMISI\u00d3N<\/a>\n\t\t\t\t\t<\/div>\n\n\t\t\t\t\t<div id=\"elementor-tab-content-2031\" class=\"elementor-tab-content elementor-clearfix\" data-tab=\"1\" role=\"region\" aria-labelledby=\"elementor-tab-title-2031\"><p>\u00a0Todas las publicaciones\u00a0 se podr\u00e1n consultar,\u00a0 en las fechas indicadas:<\/p><ul><li>En el\u00a0<strong>tabl\u00f3n de anuncios<\/strong>\u00a0del centro.<\/li><li>En la\u00a0 \u00a0<strong>Secretar\u00eda Virtual\u00a0de los Centros Educativos<\/strong><strong>\u00a0\u00a0(Recomendado)<\/strong><strong><a href=\"https:\/\/www.juntadeandalucia.es\/educacion\/secretariavirtual\/consultas\/\" target=\"_blank\" rel=\"noopener\"><img decoding=\"async\" src=\"https:\/\/www.iessansebastian.com\/include\/image.php?i=2q&amp;w=170&amp;h=30&amp;img=%2Fimage%2Fescolarizaci%C3%B3n%202020-21%2Flogo%20secretaria%20virtual.jpg\" alt=\"\" \/><\/a><\/strong><p><strong>PER\u00cdODO\u00a0 ORDINARIO\u00a0<\/strong><\/p><ul><li><strong><span style=\"color: #0000ff;\">Solicitudes<\/span><\/strong>: Del 15\u00a0 al 30 de junio<\/li><li><span style=\"color: #008000;\"><strong>Relaci\u00f3n Provisional de Solicitudes<\/strong><\/span>: 3 Julio<\/li><li><span style=\"color: #003366;\"><strong>Alegaciones Relaci\u00f3n Provisional de Solicitudes<\/strong><\/span>: del 4 al 7 de Julio<\/li><li><strong><span style=\"color: #ff6600;\">Relaci\u00f3n\u00a0 Definitiva de Solicitudes<\/span><\/strong>: 10 Julio<\/li><li><span style=\"color: #000080;\"><strong>Adjudicaci\u00f3n<\/strong><\/span>: 1\u00aa Adj. 10 Julio \/ 2\u00ba Adj. 21 Julio<\/li><li><strong><span style=\"color: #993366;\">Matricula o Reserva<\/span><\/strong>: 1\u00aaAdj. Del 11 al 16 Julio<\/li><li><span style=\"color: #339966;\"><strong>Matr\u00edcula<\/strong><\/span>: 2\u00aa Adj. Del 22 al 24 Julio<\/li><\/ul><p><span style=\"font-family: Roboto, sans-serif; font-size: 18px; font-style: normal; font-variant-ligatures: normal; font-variant-caps: normal; font-weight: 600;\">LISTAS DE ESPERA\u00a0<\/span><\/p><ul><li><span style=\"font-family: Roboto, sans-serif; font-size: 18px; font-style: normal; font-variant-ligatures: normal; font-variant-caps: normal; font-weight: 600;\">Per\u00edodo Ordinario: del 1 de septiembre al 15 de octubre<\/span><\/li><\/ul><\/li><\/ul><\/div>\n\t\t\t\t<\/div>\n\t\t\t\t\t\t\t<div class=\"elementor-toggle-item\">\n\t\t\t\t\t<div id=\"elementor-tab-title-2032\" class=\"elementor-tab-title\" data-tab=\"2\" role=\"button\" aria-controls=\"elementor-tab-content-2032\" aria-expanded=\"false\">\n\t\t\t\t\t\t\t\t\t\t\t\t<span class=\"elementor-toggle-icon elementor-toggle-icon-left\" aria-hidden=\"true\">\n\t\t\t\t\t\t\t\t\t\t\t\t\t\t\t<span class=\"elementor-toggle-icon-closed\"><i class=\"fas fa-angle-double-down\"><\/i><\/span>\n\t\t\t\t\t\t\t\t<span class=\"elementor-toggle-icon-opened\"><i class=\"elementor-toggle-icon-opened fas fa-caret-up\"><\/i><\/span>\n\t\t\t\t\t\t\t\t\t\t\t\t\t<\/span>\n\t\t\t\t\t\t\t\t\t\t\t\t<a class=\"elementor-toggle-title\" tabindex=\"0\">PRESENTACI\u00d3N DE SOLICITUDES<\/a>\n\t\t\t\t\t<\/div>\n\n\t\t\t\t\t<div id=\"elementor-tab-content-2032\" class=\"elementor-tab-content elementor-clearfix\" data-tab=\"2\" role=\"region\" aria-labelledby=\"elementor-tab-title-2032\"><ul><li>La solicitudes se rellenar\u00e1n\u00a0 a trav\u00e9s de la\u00a0<a href=\"https:\/\/www.juntadeandalucia.es\/educacion\/secretariavirtual\/solicitudes\/\" target=\"_blank\" rel=\"noopener\">Secretaria Virtual\u00a0de los Centros Educativos:<img decoding=\"async\" src=\"https:\/\/www.juntadeandalucia.es\/educacion\/secretariavirtual\/images\/logo_secretaria_virtual.png\" alt=\"\" \/><\/a><\/li><\/ul><p>\u00a0Los enlaces estar\u00e1n activos durante los plazos de solicitudes<\/p><ul><li><strong>Mediante Clave iANDe:\u00a0\u00a0<\/strong><u>Se rellenar\u00e1 la solicitud<\/u>\u00a0 y una vez finalizada, esta\u00a0<u>quedar\u00e1 presentada<\/u>\u00a0si necesidad de ir al centro.\u00a0\u00a0<strong>\u00a0(Recomendada)\u00a0<\/strong><strong style=\"font-size: 18px;\">\u00a0 \u00a0 \u00a0 \u00a0 \u00a0 \u00a0 \u00a0 \u00a0 \u00a0 \u00a0\u00a0<\/strong><\/li><\/ul><p><strong style=\"font-size: 18px;\">\u00a0 \u00a0 \u00a0 \u00a0 \u00a0 \u00a0 \u00a0 \u00a0 \u00a0 \u00a0 \u00a0 \u00a0 \u00a0 \u00a0 \u00a0 \u00a0 \u00a0 \u00a0 \u00a0 \u00a0 \u00a0 \u00a0 \u00a0 \u00a0 \u00a0 \u00a0 \u00a0 \u00a0 \u00a0 \u00a0 \u00a0 \u00a0 \u00a0 <\/strong><span style=\"font-size: 18px;\">\u00a0<a href=\"https:\/\/www.juntadeandalucia.es\/educacion\/secretariavirtual\/accesoTramite\/308\/\">Rellenar Solicitud Grado Medio\u00a0<\/a><\/span><\/p><p><span style=\"font-variant-ligatures: normal; font-variant-caps: normal; font-family: Roboto, sans-serif; font-size: 18px; font-style: normal; font-weight: 600;\">\u00a0 \u00a0 \u00a0 \u00a0 \u00a0 \u00a0 \u00a0 \u00a0 \u00a0 \u00a0 \u00a0 \u00a0 \u00a0 \u00a0 \u00a0 \u00a0 \u00a0 \u00a0 \u00a0 \u00a0 \u00a0 \u00a0 \u00a0 \u00a0 \u00a0 \u00a0 \u00a0 \u00a0 \u00a0 \u00a0 \u00a0 \u00a0 \u00a0 \u00a0<\/span><a style=\"font-family: Roboto, sans-serif; font-size: 18px; font-weight: 400; background-color: #ffffff;\" href=\"https:\/\/www.juntadeandalucia.es\/educacion\/secretariavirtual\/accesoTramite\/317\/\" target=\"_blank\" rel=\"noopener\">Rellenar Solicitud Grado Superior\u00a0<\/a><\/p><table><tbody><tr><td>\u00a0 \u00a0 \u00a0 \u00a0 \u00a0 \u00a0 \u00a0 \u00a0 \u00a0 \u00a0 \u00a0 \u00a0<\/td><td><a href=\"https:\/\/www.juntadeandalucia.es\/educacion\/secretariavirtual\/accesoTramite\/308\/\" target=\"_blank\" rel=\"noopener\"><img decoding=\"async\" src=\"https:\/\/www.iessansebastian.com\/include\/image.php?i=1\/u&amp;w=200&amp;h=60&amp;img=%2Fimage%2FNOVEDADES%2Fiande%20solicitud%20grado%20medio.jpg\" alt=\"\" \/><\/a><\/td><td>\u00a0<\/td><\/tr><\/tbody><\/table><ul><li><strong>\u00a0Mediante Certificado Digital:\u00a0<\/strong><u>Se rellenar\u00e1 la solicitud\u00a0<\/u>y una vez finalizada, esta\u00a0<u>quedar\u00e1 presentada<\/u>\u00a0si necesidad de ir al centro.<\/li><\/ul><table><tbody><tr><td>\u00a0 \u00a0 \u00a0 \u00a0 \u00a0 \u00a0 \u00a0 \u00a0 \u00a0 \u00a0 \u00a0 \u00a0 \u00a0 \u00a0 \u00a0 \u00a0 \u00a0 \u00a0 \u00a0 \u00a0 \u00a0 \u00a0 \u00a0 \u00a0 \u00a0 \u00a0 \u00a0 \u00a0 \u00a0 \u00a0 \u00a0 \u00a0 \u00a0 \u00a0<a style=\"font-size: 18px; background-color: #ffffff;\" href=\"https:\/\/www.juntadeandalucia.es\/educacion\/secretariavirtual\/accesoTramite\/308\/\">Rellenar Solicitud Grado Medio\u00a0<span style=\"font-size: 18px; font-weight: bold;\"><br \/><\/span><\/a><span style=\"font-family: Roboto, sans-serif; font-size: 18px; font-style: normal; font-variant-ligatures: normal; font-variant-caps: normal; font-weight: 600;\">\u00a0 \u00a0 \u00a0 \u00a0 \u00a0 \u00a0 \u00a0 \u00a0 \u00a0 \u00a0 \u00a0 \u00a0 \u00a0 \u00a0 \u00a0 \u00a0 \u00a0 \u00a0 \u00a0 \u00a0 \u00a0 \u00a0 \u00a0 \u00a0 \u00a0 \u00a0 \u00a0 \u00a0 \u00a0 \u00a0 \u00a0 \u00a0 \u00a0 \u00a0<\/span><a style=\"font-family: Roboto, sans-serif; font-size: 18px; font-style: normal; font-variant-ligatures: normal; font-variant-caps: normal; font-weight: 400; background-color: #ffffff; color: #13aff0;\" href=\"https:\/\/www.juntadeandalucia.es\/educacion\/secretariavirtual\/accesoTramite\/317\/\" target=\"_blank\" rel=\"noopener\">Rellenar Solicitud Grado Superior\u00a0<\/a><\/td><td><a href=\"https:\/\/www.juntadeandalucia.es\/educacion\/secretariavirtual\/accesoTramite\/308\/\" target=\"_blank\" rel=\"noopener\"><img decoding=\"async\" src=\"https:\/\/www.iessansebastian.com\/include\/image.php?i=1\/w&amp;w=200&amp;h=60&amp;img=%2Fimage%2FNOVEDADES%2Fcertificado%20solicitud%20grado%20medio.jpg\" alt=\"\" \/><\/a><\/td><td><a href=\"https:\/\/www.juntadeandalucia.es\/educacion\/secretariavirtual\/accesoTramite\/317\/\" target=\"_blank\" rel=\"noopener\"><img decoding=\"async\" src=\"https:\/\/www.iessansebastian.com\/include\/image.php?i=1\/x&amp;w=200&amp;h=60&amp;img=%2Fimage%2FNOVEDADES%2Fcertificado%20solicitud%20grado%20superior.jpg\" alt=\"\" \/><\/a><\/td><\/tr><\/tbody><\/table><ul><li><strong>Presencialmente en Secretar\u00eda:<\/strong><strong>\u00a0\u00a0<\/strong><u>Se rellenarla la solicitud (online a trav\u00e9s de Secretar\u00eda Virtual)\u00a0 y una vez impresa<\/u>,\u00a0 deber\u00e1 acudir al centro y\u00a0<u>presentarla en la secretar\u00eda<\/u>.<strong>\u00a0(No recomendado)<\/strong><\/li><\/ul><table><tbody><tr><td><p>\u00a0 \u00a0 \u00a0 \u00a0 \u00a0 \u00a0 \u00a0 \u00a0 \u00a0 \u00a0 \u00a0 \u00a0 \u00a0 \u00a0 \u00a0 \u00a0 \u00a0 \u00a0 \u00a0 \u00a0 \u00a0 \u00a0 \u00a0 \u00a0 \u00a0 \u00a0 \u00a0 \u00a0 \u00a0 \u00a0 \u00a0 \u00a0 \u00a0 \u00a0<a style=\"font-size: 18px; background-color: #ffffff;\" href=\"https:\/\/www.juntadeandalucia.es\/educacion\/secretariavirtual\/accesoTramite\/308\/\">Rellenar Solicitud Grado Medio <\/a><\/p><p style=\"font-variant-ligatures: normal; font-variant-caps: normal; font-family: Roboto, sans-serif; font-size: 18px; font-style: normal; font-weight: 400;\"><span style=\"font-variant-ligatures: normal; font-variant-caps: normal; font-family: Roboto, sans-serif; font-size: 18px; font-style: normal; font-weight: 600;\">\u00a0 \u00a0 \u00a0 \u00a0 \u00a0 \u00a0 \u00a0 \u00a0 \u00a0 \u00a0 \u00a0 \u00a0 \u00a0 \u00a0 \u00a0 \u00a0 \u00a0 \u00a0 \u00a0 \u00a0 \u00a0 \u00a0 \u00a0 \u00a0 \u00a0 \u00a0 \u00a0 \u00a0 \u00a0 \u00a0 \u00a0 \u00a0 \u00a0 \u00a0<\/span><a style=\"font-family: Roboto, sans-serif; font-size: 18px; font-weight: 400; background-color: #ffffff; color: #13aff0;\" href=\"https:\/\/www.juntadeandalucia.es\/educacion\/secretariavirtual\/accesoTramite\/317\/\" target=\"_blank\" rel=\"noopener\">Rellenar Solicitud Grado Superior\u00a0<\/a><\/p><\/td><td>\u00a0<\/td><td>\u00a0<\/td><\/tr><\/tbody><\/table><\/div>\n\t\t\t\t<\/div>\n\t\t\t\t\t\t\t<div class=\"elementor-toggle-item\">\n\t\t\t\t\t<div id=\"elementor-tab-title-2033\" class=\"elementor-tab-title\" data-tab=\"3\" role=\"button\" aria-controls=\"elementor-tab-content-2033\" aria-expanded=\"false\">\n\t\t\t\t\t\t\t\t\t\t\t\t<span class=\"elementor-toggle-icon elementor-toggle-icon-left\" aria-hidden=\"true\">\n\t\t\t\t\t\t\t\t\t\t\t\t\t\t\t<span class=\"elementor-toggle-icon-closed\"><i class=\"fas fa-angle-double-down\"><\/i><\/span>\n\t\t\t\t\t\t\t\t<span class=\"elementor-toggle-icon-opened\"><i class=\"elementor-toggle-icon-opened fas fa-caret-up\"><\/i><\/span>\n\t\t\t\t\t\t\t\t\t\t\t\t\t<\/span>\n\t\t\t\t\t\t\t\t\t\t\t\t<a class=\"elementor-toggle-title\" tabindex=\"0\">MAS INFORMACI\u00d3N<\/a>\n\t\t\t\t\t<\/div>\n\n\t\t\t\t\t<div id=\"elementor-tab-content-2033\" class=\"elementor-tab-content elementor-clearfix\" data-tab=\"3\" role=\"region\" aria-labelledby=\"elementor-tab-title-2033\"><ul><li><a href=\"https:\/\/www.iessansebastian.com\/web\/wp-content\/uploads\/2025\/05\/Instrucciones-de-sobre-Solicitud-y-Matrcula-en-Ciclos-2025-26.pdf\">Informaci\u00f3n sobre el proceso de Admisi\u00f3n y Matriculaci\u00f3n\u00a0 1\u00ba curso Oferta Completa.\u00a0Leer atentamente<\/a><\/li><li><a href=\"https:\/\/www.juntadeandalucia.es\/educacion\/secretariavirtual\/consulta\/oferta-educativa-formacion-profesional\/\">Oferta Educativa 2024-2025. (C\u00f3digos de Ciclos y C\u00f3digos de Centros), en espera de publicar oferta curso 2025-2026<\/a><\/li><li>Alegaciones Relaci\u00f3n Provisional de Solicitudes.<\/li><li>Reserva Adjudicaci\u00f3n. (Se entregar\u00e1 en el centro adjudicado).\u00a0<\/li><li><a href=\"https:\/\/www.juntadeandalucia.es\/educacion\/portales\/web\/escolarizacion\/fp\">M\u00e1s informaci\u00f3n en el Portal de Escolarizaci\u00f3n de Formaci\u00f3n Profesional<\/a><\/li><\/ul><\/div>\n\t\t\t\t<\/div>\n\t\t\t\t\t\t\t\t\t\t<script type=\"application\/ld+json\">{\"@context\":\"https:\\\/\\\/schema.org\",\"@type\":\"FAQPage\",\"mainEntity\":[{\"@type\":\"Question\",\"name\":\"CALENDARIO DE ADMISI\\u00d3N\",\"acceptedAnswer\":{\"@type\":\"Answer\",\"text\":\"<p>\\u00a0Todas las publicaciones\\u00a0 se podr\\u00e1n consultar,\\u00a0 en las fechas indicadas:<\\\/p><ul><li>En el\\u00a0<strong>tabl\\u00f3n de anuncios<\\\/strong>\\u00a0del centro.<\\\/li><li>En la\\u00a0 \\u00a0<strong>Secretar\\u00eda Virtual\\u00a0de los Centros Educativos<\\\/strong><strong>\\u00a0\\u00a0(Recomendado)<\\\/strong><strong><a href=\\\"https:\\\/\\\/www.juntadeandalucia.es\\\/educacion\\\/secretariavirtual\\\/consultas\\\/\\\" target=\\\"_blank\\\" rel=\\\"noopener\\\"><img src=\\\"https:\\\/\\\/www.iessansebastian.com\\\/include\\\/image.php?i=2q&amp;w=170&amp;h=30&amp;img=%2Fimage%2Fescolarizaci%C3%B3n%202020-21%2Flogo%20secretaria%20virtual.jpg\\\" alt=\\\"\\\" \\\/><\\\/a><\\\/strong><p><strong>PER\\u00cdODO\\u00a0 ORDINARIO\\u00a0<\\\/strong><\\\/p><ul><li><strong><span style=\\\"color: #0000ff;\\\">Solicitudes<\\\/span><\\\/strong>: Del 15\\u00a0 al 30 de junio<\\\/li><li><span style=\\\"color: #008000;\\\"><strong>Relaci\\u00f3n Provisional de Solicitudes<\\\/strong><\\\/span>: 3 Julio<\\\/li><li><span style=\\\"color: #003366;\\\"><strong>Alegaciones Relaci\\u00f3n Provisional de Solicitudes<\\\/strong><\\\/span>: del 4 al 7 de Julio<\\\/li><li><strong><span style=\\\"color: #ff6600;\\\">Relaci\\u00f3n\\u00a0 Definitiva de Solicitudes<\\\/span><\\\/strong>: 10 Julio<\\\/li><li><span style=\\\"color: #000080;\\\"><strong>Adjudicaci\\u00f3n<\\\/strong><\\\/span>: 1\\u00aa Adj. 10 Julio \\\/ 2\\u00ba Adj. 21 Julio<\\\/li><li><strong><span style=\\\"color: #993366;\\\">Matricula o Reserva<\\\/span><\\\/strong>: 1\\u00aaAdj. Del 11 al 16 Julio<\\\/li><li><span style=\\\"color: #339966;\\\"><strong>Matr\\u00edcula<\\\/strong><\\\/span>: 2\\u00aa Adj. Del 22 al 24 Julio<\\\/li><\\\/ul><p><span style=\\\"font-family: Roboto, sans-serif; font-size: 18px; font-style: normal; font-variant-ligatures: normal; font-variant-caps: normal; font-weight: 600;\\\">LISTAS DE ESPERA\\u00a0<\\\/span><\\\/p><ul><li><span style=\\\"font-family: Roboto, sans-serif; font-size: 18px; font-style: normal; font-variant-ligatures: normal; font-variant-caps: normal; font-weight: 600;\\\">Per\\u00edodo Ordinario: del 1 de septiembre al 15 de octubre<\\\/span><\\\/li><\\\/ul><\\\/li><\\\/ul>\"}},{\"@type\":\"Question\",\"name\":\"PRESENTACI\\u00d3N DE SOLICITUDES\",\"acceptedAnswer\":{\"@type\":\"Answer\",\"text\":\"<ul><li>La solicitudes se rellenar\\u00e1n\\u00a0 a trav\\u00e9s de la\\u00a0<a href=\\\"https:\\\/\\\/www.juntadeandalucia.es\\\/educacion\\\/secretariavirtual\\\/solicitudes\\\/\\\" target=\\\"_blank\\\" rel=\\\"noopener\\\">Secretaria Virtual\\u00a0de los Centros Educativos:<img src=\\\"https:\\\/\\\/www.juntadeandalucia.es\\\/educacion\\\/secretariavirtual\\\/images\\\/logo_secretaria_virtual.png\\\" alt=\\\"\\\" \\\/><\\\/a><\\\/li><\\\/ul><p>\\u00a0Los enlaces estar\\u00e1n activos durante los plazos de solicitudes<\\\/p><ul><li><strong>Mediante Clave iANDe:\\u00a0\\u00a0<\\\/strong><u>Se rellenar\\u00e1 la solicitud<\\\/u>\\u00a0 y una vez finalizada, esta\\u00a0<u>quedar\\u00e1 presentada<\\\/u>\\u00a0si necesidad de ir al centro.\\u00a0\\u00a0<strong>\\u00a0(Recomendada)\\u00a0<\\\/strong><strong style=\\\"font-size: 18px;\\\">\\u00a0 \\u00a0 \\u00a0 \\u00a0 \\u00a0 \\u00a0 \\u00a0 \\u00a0 \\u00a0 \\u00a0\\u00a0<\\\/strong><\\\/li><\\\/ul><p><strong style=\\\"font-size: 18px;\\\">\\u00a0 \\u00a0 \\u00a0 \\u00a0 \\u00a0 \\u00a0 \\u00a0 \\u00a0 \\u00a0 \\u00a0 \\u00a0 \\u00a0 \\u00a0 \\u00a0 \\u00a0 \\u00a0 \\u00a0 \\u00a0 \\u00a0 \\u00a0 \\u00a0 \\u00a0 \\u00a0 \\u00a0 \\u00a0 \\u00a0 \\u00a0 \\u00a0 \\u00a0 \\u00a0 \\u00a0 \\u00a0 \\u00a0 <\\\/strong><span style=\\\"font-size: 18px;\\\">\\u00a0<a href=\\\"https:\\\/\\\/www.juntadeandalucia.es\\\/educacion\\\/secretariavirtual\\\/accesoTramite\\\/308\\\/\\\">Rellenar Solicitud Grado Medio\\u00a0<\\\/a><\\\/span><\\\/p><p><span style=\\\"font-variant-ligatures: normal; font-variant-caps: normal; font-family: Roboto, sans-serif; font-size: 18px; font-style: normal; font-weight: 600;\\\">\\u00a0 \\u00a0 \\u00a0 \\u00a0 \\u00a0 \\u00a0 \\u00a0 \\u00a0 \\u00a0 \\u00a0 \\u00a0 \\u00a0 \\u00a0 \\u00a0 \\u00a0 \\u00a0 \\u00a0 \\u00a0 \\u00a0 \\u00a0 \\u00a0 \\u00a0 \\u00a0 \\u00a0 \\u00a0 \\u00a0 \\u00a0 \\u00a0 \\u00a0 \\u00a0 \\u00a0 \\u00a0 \\u00a0 \\u00a0<\\\/span><a style=\\\"font-family: Roboto, sans-serif; font-size: 18px; font-weight: 400; background-color: #ffffff;\\\" href=\\\"https:\\\/\\\/www.juntadeandalucia.es\\\/educacion\\\/secretariavirtual\\\/accesoTramite\\\/317\\\/\\\" target=\\\"_blank\\\" rel=\\\"noopener\\\">Rellenar Solicitud Grado Superior\\u00a0<\\\/a><\\\/p><table><tbody><tr><td>\\u00a0 \\u00a0 \\u00a0 \\u00a0 \\u00a0 \\u00a0 \\u00a0 \\u00a0 \\u00a0 \\u00a0 \\u00a0 \\u00a0<\\\/td><td><a href=\\\"https:\\\/\\\/www.juntadeandalucia.es\\\/educacion\\\/secretariavirtual\\\/accesoTramite\\\/308\\\/\\\" target=\\\"_blank\\\" rel=\\\"noopener\\\"><img src=\\\"https:\\\/\\\/www.iessansebastian.com\\\/include\\\/image.php?i=1\\\/u&amp;w=200&amp;h=60&amp;img=%2Fimage%2FNOVEDADES%2Fiande%20solicitud%20grado%20medio.jpg\\\" alt=\\\"\\\" \\\/><\\\/a><\\\/td><td>\\u00a0<\\\/td><\\\/tr><\\\/tbody><\\\/table><ul><li><strong>\\u00a0Mediante Certificado Digital:\\u00a0<\\\/strong><u>Se rellenar\\u00e1 la solicitud\\u00a0<\\\/u>y una vez finalizada, esta\\u00a0<u>quedar\\u00e1 presentada<\\\/u>\\u00a0si necesidad de ir al centro.<\\\/li><\\\/ul><table><tbody><tr><td>\\u00a0 \\u00a0 \\u00a0 \\u00a0 \\u00a0 \\u00a0 \\u00a0 \\u00a0 \\u00a0 \\u00a0 \\u00a0 \\u00a0 \\u00a0 \\u00a0 \\u00a0 \\u00a0 \\u00a0 \\u00a0 \\u00a0 \\u00a0 \\u00a0 \\u00a0 \\u00a0 \\u00a0 \\u00a0 \\u00a0 \\u00a0 \\u00a0 \\u00a0 \\u00a0 \\u00a0 \\u00a0 \\u00a0 \\u00a0<a style=\\\"font-size: 18px; background-color: #ffffff;\\\" href=\\\"https:\\\/\\\/www.juntadeandalucia.es\\\/educacion\\\/secretariavirtual\\\/accesoTramite\\\/308\\\/\\\">Rellenar Solicitud Grado Medio\\u00a0<span style=\\\"font-size: 18px; font-weight: bold;\\\"><br \\\/><\\\/span><\\\/a><span style=\\\"font-family: Roboto, sans-serif; font-size: 18px; font-style: normal; font-variant-ligatures: normal; font-variant-caps: normal; font-weight: 600;\\\">\\u00a0 \\u00a0 \\u00a0 \\u00a0 \\u00a0 \\u00a0 \\u00a0 \\u00a0 \\u00a0 \\u00a0 \\u00a0 \\u00a0 \\u00a0 \\u00a0 \\u00a0 \\u00a0 \\u00a0 \\u00a0 \\u00a0 \\u00a0 \\u00a0 \\u00a0 \\u00a0 \\u00a0 \\u00a0 \\u00a0 \\u00a0 \\u00a0 \\u00a0 \\u00a0 \\u00a0 \\u00a0 \\u00a0 \\u00a0<\\\/span><a style=\\\"font-family: Roboto, sans-serif; font-size: 18px; font-style: normal; font-variant-ligatures: normal; font-variant-caps: normal; font-weight: 400; background-color: #ffffff; color: #13aff0;\\\" href=\\\"https:\\\/\\\/www.juntadeandalucia.es\\\/educacion\\\/secretariavirtual\\\/accesoTramite\\\/317\\\/\\\" target=\\\"_blank\\\" rel=\\\"noopener\\\">Rellenar Solicitud Grado Superior\\u00a0<\\\/a><\\\/td><td><a href=\\\"https:\\\/\\\/www.juntadeandalucia.es\\\/educacion\\\/secretariavirtual\\\/accesoTramite\\\/308\\\/\\\" target=\\\"_blank\\\" rel=\\\"noopener\\\"><img src=\\\"https:\\\/\\\/www.iessansebastian.com\\\/include\\\/image.php?i=1\\\/w&amp;w=200&amp;h=60&amp;img=%2Fimage%2FNOVEDADES%2Fcertificado%20solicitud%20grado%20medio.jpg\\\" alt=\\\"\\\" \\\/><\\\/a><\\\/td><td><a href=\\\"https:\\\/\\\/www.juntadeandalucia.es\\\/educacion\\\/secretariavirtual\\\/accesoTramite\\\/317\\\/\\\" target=\\\"_blank\\\" rel=\\\"noopener\\\"><img src=\\\"https:\\\/\\\/www.iessansebastian.com\\\/include\\\/image.php?i=1\\\/x&amp;w=200&amp;h=60&amp;img=%2Fimage%2FNOVEDADES%2Fcertificado%20solicitud%20grado%20superior.jpg\\\" alt=\\\"\\\" \\\/><\\\/a><\\\/td><\\\/tr><\\\/tbody><\\\/table><ul><li><strong>Presencialmente en Secretar\\u00eda:<\\\/strong><strong>\\u00a0\\u00a0<\\\/strong><u>Se rellenarla la solicitud (online a trav\\u00e9s de Secretar\\u00eda Virtual)\\u00a0 y una vez impresa<\\\/u>,\\u00a0 deber\\u00e1 acudir al centro y\\u00a0<u>presentarla en la secretar\\u00eda<\\\/u>.<strong>\\u00a0(No recomendado)<\\\/strong><\\\/li><\\\/ul><table><tbody><tr><td><p>\\u00a0 \\u00a0 \\u00a0 \\u00a0 \\u00a0 \\u00a0 \\u00a0 \\u00a0 \\u00a0 \\u00a0 \\u00a0 \\u00a0 \\u00a0 \\u00a0 \\u00a0 \\u00a0 \\u00a0 \\u00a0 \\u00a0 \\u00a0 \\u00a0 \\u00a0 \\u00a0 \\u00a0 \\u00a0 \\u00a0 \\u00a0 \\u00a0 \\u00a0 \\u00a0 \\u00a0 \\u00a0 \\u00a0 \\u00a0<a style=\\\"font-size: 18px; background-color: #ffffff;\\\" href=\\\"https:\\\/\\\/www.juntadeandalucia.es\\\/educacion\\\/secretariavirtual\\\/accesoTramite\\\/308\\\/\\\">Rellenar Solicitud Grado Medio <\\\/a><\\\/p><p style=\\\"font-variant-ligatures: normal; font-variant-caps: normal; font-family: Roboto, sans-serif; font-size: 18px; font-style: normal; font-weight: 400;\\\"><span style=\\\"font-variant-ligatures: normal; font-variant-caps: normal; font-family: Roboto, sans-serif; font-size: 18px; font-style: normal; font-weight: 600;\\\">\\u00a0 \\u00a0 \\u00a0 \\u00a0 \\u00a0 \\u00a0 \\u00a0 \\u00a0 \\u00a0 \\u00a0 \\u00a0 \\u00a0 \\u00a0 \\u00a0 \\u00a0 \\u00a0 \\u00a0 \\u00a0 \\u00a0 \\u00a0 \\u00a0 \\u00a0 \\u00a0 \\u00a0 \\u00a0 \\u00a0 \\u00a0 \\u00a0 \\u00a0 \\u00a0 \\u00a0 \\u00a0 \\u00a0 \\u00a0<\\\/span><a style=\\\"font-family: Roboto, sans-serif; font-size: 18px; font-weight: 400; background-color: #ffffff; color: #13aff0;\\\" href=\\\"https:\\\/\\\/www.juntadeandalucia.es\\\/educacion\\\/secretariavirtual\\\/accesoTramite\\\/317\\\/\\\" target=\\\"_blank\\\" rel=\\\"noopener\\\">Rellenar Solicitud Grado Superior\\u00a0<\\\/a><\\\/p><\\\/td><td>\\u00a0<\\\/td><td>\\u00a0<\\\/td><\\\/tr><\\\/tbody><\\\/table>\"}},{\"@type\":\"Question\",\"name\":\"MAS INFORMACI\\u00d3N\",\"acceptedAnswer\":{\"@type\":\"Answer\",\"text\":\"<ul><li><a href=\\\"https:\\\/\\\/www.iessansebastian.com\\\/web\\\/wp-content\\\/uploads\\\/2025\\\/05\\\/Instrucciones-de-sobre-Solicitud-y-Matrcula-en-Ciclos-2025-26.pdf\\\">Informaci\\u00f3n sobre el proceso de Admisi\\u00f3n y Matriculaci\\u00f3n\\u00a0 1\\u00ba curso Oferta Completa.\\u00a0Leer atentamente<\\\/a><\\\/li><li><a href=\\\"https:\\\/\\\/www.juntadeandalucia.es\\\/educacion\\\/secretariavirtual\\\/consulta\\\/oferta-educativa-formacion-profesional\\\/\\\">Oferta Educativa 2024-2025. (C\\u00f3digos de Ciclos y C\\u00f3digos de Centros), en espera de publicar oferta curso 2025-2026<\\\/a><\\\/li><li>Alegaciones Relaci\\u00f3n Provisional de Solicitudes.<\\\/li><li>Reserva Adjudicaci\\u00f3n. (Se entregar\\u00e1 en el centro adjudicado).\\u00a0<\\\/li><li><a href=\\\"https:\\\/\\\/www.juntadeandalucia.es\\\/educacion\\\/portales\\\/web\\\/escolarizacion\\\/fp\\\">M\\u00e1s informaci\\u00f3n en el Portal de Escolarizaci\\u00f3n de Formaci\\u00f3n Profesional<\\\/a><\\\/li><\\\/ul>\"}}]}<\/script>\n\t\t\t\t\t<\/div>\n\t\t\t\t\t\t<\/div>\n\t\t\t\t<\/div>\n\t\t\t\t\t<\/div>\n\t\t<\/div>\n\t\t\t\t\t<\/div>\n\t\t<\/section>\n\t\t\t\t<section class=\"elementor-section elementor-top-section elementor-element elementor-element-311da02 elementor-section-boxed elementor-section-height-default elementor-section-height-default\" data-id=\"311da02\" data-element_type=\"section\" data-e-type=\"section\">\n\t\t\t\t\t\t<div class=\"elementor-container elementor-column-gap-default\">\n\t\t\t\t\t<div class=\"elementor-column elementor-col-100 elementor-top-column elementor-element elementor-element-2a21de1\" data-id=\"2a21de1\" data-element_type=\"column\" data-e-type=\"column\">\n\t\t\t<div class=\"elementor-widget-wrap elementor-element-populated\">\n\t\t\t\t\t\t<div class=\"elementor-element elementor-element-065cf9c elementor-widget-divider--view-line elementor-widget elementor-widget-divider\" data-id=\"065cf9c\" data-element_type=\"widget\" data-e-type=\"widget\" data-widget_type=\"divider.default\">\n\t\t\t\t<div class=\"elementor-widget-container\">\n\t\t\t\t\t\t\t<div class=\"elementor-divider\">\n\t\t\t<span class=\"elementor-divider-separator\">\n\t\t\t\t\t\t<\/span>\n\t\t<\/div>\n\t\t\t\t\t\t<\/div>\n\t\t\t\t<\/div>\n\t\t\t\t\t<\/div>\n\t\t<\/div>\n\t\t\t\t\t<\/div>\n\t\t<\/section>\n\t\t\t\t<section class=\"elementor-section elementor-top-section elementor-element elementor-element-229a4f5 elementor-section-boxed elementor-section-height-default elementor-section-height-default\" data-id=\"229a4f5\" data-element_type=\"section\" data-e-type=\"section\">\n\t\t\t\t\t\t<div class=\"elementor-container elementor-column-gap-default\">\n\t\t\t\t\t<div class=\"elementor-column elementor-col-100 elementor-top-column elementor-element elementor-element-6ac1f71\" data-id=\"6ac1f71\" data-element_type=\"column\" data-e-type=\"column\">\n\t\t\t<div class=\"elementor-widget-wrap elementor-element-populated\">\n\t\t\t\t\t\t<div class=\"elementor-element elementor-element-f605597 elementor-widget elementor-widget-heading\" data-id=\"f605597\" data-element_type=\"widget\" data-e-type=\"widget\" data-widget_type=\"heading.default\">\n\t\t\t\t<div class=\"elementor-widget-container\">\n\t\t\t\t\t<h2 class=\"elementor-heading-title elementor-size-default\">Oferta Modular Diferenciada: (alumnado de nuevo ingreso y alumnado del centro que estuvo     matriculado  en el presente curso escolar) <\/h2>\t\t\t\t<\/div>\n\t\t\t\t<\/div>\n\t\t\t\t\t<\/div>\n\t\t<\/div>\n\t\t\t\t\t<\/div>\n\t\t<\/section>\n\t\t\t\t<section class=\"elementor-section elementor-top-section elementor-element elementor-element-ef76e43 elementor-section-boxed elementor-section-height-default elementor-section-height-default\" data-id=\"ef76e43\" data-element_type=\"section\" data-e-type=\"section\">\n\t\t\t\t\t\t<div class=\"elementor-container elementor-column-gap-default\">\n\t\t\t\t\t<div class=\"elementor-column elementor-col-100 elementor-top-column elementor-element elementor-element-8aa5798\" data-id=\"8aa5798\" data-element_type=\"column\" data-e-type=\"column\">\n\t\t\t<div class=\"elementor-widget-wrap elementor-element-populated\">\n\t\t\t\t\t\t<div class=\"elementor-element elementor-element-782440c elementor-widget elementor-widget-text-editor\" data-id=\"782440c\" data-element_type=\"widget\" data-e-type=\"widget\" data-widget_type=\"text-editor.default\">\n\t\t\t\t<div class=\"elementor-widget-container\">\n\t\t\t\t\t\t\t\t\t<h2>Deben realizar este proceso de admisi\u00f3n, el<u>\u00a0alumnado del centro matriculado en\u00a0<\/u><u>estas ense\u00f1anzas en la modalidad de\u00a0\u00a0<\/u><u>Oferta Modular Diferenciada<\/u>\u00a0y el\u00a0<u>alumnado de\u00a0 nuevo ingreso,<\/u>\u00a0mayor de 18 a\u00f1os,\u00a0que desee cursar\u00a0 esta modalidad de ense\u00f1anza.<\/h2><p>Se deber\u00e1 solicitar mediante una\u00a0<strong>\u00fanica solicitud<\/strong>\u00a0en la se indicaran los\u00a0 m\u00f3dulo en el que desea\u00a0 ser admitido (hasta 1000 horas) y el centro en el que se imparte.<\/p><ul><li><strong>IMPORTANTE:<\/strong>\u00a0<strong>Orientaciones de la Jefatura de Estudios sobre la elecci\u00f3n de los distintos m\u00f3dulos de:<\/strong><ul><li><a href=\"https:\/\/www.iessansebastian.com\/web\/wp-content\/uploads\/2025\/06\/20250611-Orientaciones-DAW-semipresenacial_Actualizado.pdf\">C.F.G.S. DAW modalidad semipresencial en Oferta Modular Diferenciada.<\/a><\/li><li><a href=\"https:\/\/www.iessansebastian.com\/web\/wp-content\/uploads\/2025\/06\/20250611-Orientaciones-GAOP-presenacial_Actualizado.pdf\">C.F.G.M Gesti\u00f3n Administrativa\u00a0 modalidad presencial en Oferta Modular Diferenciada.\u00a0<\/a><\/li><\/ul><\/li><\/ul>\t\t\t\t\t\t\t\t<\/div>\n\t\t\t\t<\/div>\n\t\t\t\t\t<\/div>\n\t\t<\/div>\n\t\t\t\t\t<\/div>\n\t\t<\/section>\n\t\t\t\t<section class=\"elementor-section elementor-top-section elementor-element elementor-element-45cd55f elementor-section-boxed elementor-section-height-default elementor-section-height-default\" data-id=\"45cd55f\" data-element_type=\"section\" data-e-type=\"section\">\n\t\t\t\t\t\t<div class=\"elementor-container elementor-column-gap-default\">\n\t\t\t\t\t<div class=\"elementor-column elementor-col-100 elementor-top-column elementor-element elementor-element-01f29e6\" data-id=\"01f29e6\" data-element_type=\"column\" data-e-type=\"column\">\n\t\t\t<div class=\"elementor-widget-wrap elementor-element-populated\">\n\t\t\t\t\t\t<div class=\"elementor-element elementor-element-fb0f497 elementor-widget elementor-widget-toggle\" data-id=\"fb0f497\" data-element_type=\"widget\" data-e-type=\"widget\" data-widget_type=\"toggle.default\">\n\t\t\t\t<div class=\"elementor-widget-container\">\n\t\t\t\t\t\t\t<div class=\"elementor-toggle\">\n\t\t\t\t\t\t\t<div class=\"elementor-toggle-item\">\n\t\t\t\t\t<div id=\"elementor-tab-title-2631\" class=\"elementor-tab-title\" data-tab=\"1\" role=\"button\" aria-controls=\"elementor-tab-content-2631\" aria-expanded=\"false\">\n\t\t\t\t\t\t\t\t\t\t\t\t<span class=\"elementor-toggle-icon elementor-toggle-icon-left\" aria-hidden=\"true\">\n\t\t\t\t\t\t\t\t\t\t\t\t\t\t\t<span class=\"elementor-toggle-icon-closed\"><i class=\"fas fa-angle-double-down\"><\/i><\/span>\n\t\t\t\t\t\t\t\t<span class=\"elementor-toggle-icon-opened\"><i class=\"elementor-toggle-icon-opened fas fa-caret-up\"><\/i><\/span>\n\t\t\t\t\t\t\t\t\t\t\t\t\t<\/span>\n\t\t\t\t\t\t\t\t\t\t\t\t<a class=\"elementor-toggle-title\" tabindex=\"0\">CALENDARIO DE ADMISI\u00d3N<\/a>\n\t\t\t\t\t<\/div>\n\n\t\t\t\t\t<div id=\"elementor-tab-content-2631\" class=\"elementor-tab-content elementor-clearfix\" data-tab=\"1\" role=\"region\" aria-labelledby=\"elementor-tab-title-2631\"><p>Todas las publicaciones\u00a0 se podr\u00e1n consultar,\u00a0 en las fechas indicadas:<\/p><ul><li>En el\u00a0<strong>tabl\u00f3n de anuncios<\/strong>\u00a0del centro.<\/li><li>En la\u00a0 \u00a0<strong>Secretar\u00eda Virtual\u00a0de los Centros Educativos,\u00a0\u00a0<\/strong><strong>mediante\u00a0 clave iANDE\u00a0<a href=\"https:\/\/www.juntadeandalucia.es\/educacion\/secretariavirtual\/autenticacion\/registroUsuarioIANDE\/\" target=\"_blank\" rel=\"noopener\"><img decoding=\"async\" src=\"https:\/\/www.iessansebastian.com\/include\/image.php?i=2r&amp;w=60&amp;h=37&amp;img=%2Fimage%2Fescolarizaci%C3%B3n%202020-21%2Fclave%20iande.jpg\" alt=\"\" \/><\/a>\u00a0(Recomendado)<a href=\"https:\/\/www.juntadeandalucia.es\/educacion\/secretariavirtual\/\" target=\"_blank\" rel=\"noopener\"><img decoding=\"async\" src=\"https:\/\/www.iessansebastian.com\/include\/image.php?i=2q&amp;w=170&amp;h=30&amp;img=%2Fimage%2Fescolarizaci%C3%B3n%202020-21%2Flogo%20secretaria%20virtual.jpg\" alt=\"\" \/><\/a><\/strong><\/li><\/ul><p>ADMISI\u00d3N CICLOS FORMATIVO OFERTA MODULAR DIFERENCIADA<\/p><ul><li><strong><span style=\"color: #0000ff;\">Solicitudes<\/span><\/strong>: Del 15\u00a0 al 30 de junio<\/li><li><span style=\"color: #008000;\"><strong>Relaci\u00f3n Provisional de Solicitudes<\/strong><\/span>: 8 de julio<\/li><li><span style=\"color: #003366;\"><strong>Alegaciones Relaci\u00f3n Provisional de Solicitudes<\/strong><\/span>: 9 y 10 de julio<\/li><li><strong><span style=\"color: #ff6600;\">Relaci\u00f3n Definitiva de Solicitudes<\/span><\/strong>: 16 de julio<\/li><li><span style=\"color: #000080;\"><strong>Adjudicaci\u00f3n<\/strong><\/span>: 17 de julio<\/li><li><span style=\"color: #339966;\"><strong>Matr\u00edcula<\/strong><\/span>: Del 18 al 23 julio<\/li><li><span style=\"font-variant-ligatures: normal; font-variant-caps: normal; font-family: Roboto, sans-serif; font-size: 15px; font-style: normal; font-weight: 600; color: #ff00ff;\">Asignaci\u00f3n de Vacantes: <\/span><span style=\"font-family: Roboto, sans-serif; font-size: 15px; font-style: normal; font-variant-ligatures: normal; font-variant-caps: normal; font-weight: 400;\">\u00a0Hasta el 15 de octubre.<\/span><\/li><\/ul><\/div>\n\t\t\t\t<\/div>\n\t\t\t\t\t\t\t<div class=\"elementor-toggle-item\">\n\t\t\t\t\t<div id=\"elementor-tab-title-2632\" class=\"elementor-tab-title\" data-tab=\"2\" role=\"button\" aria-controls=\"elementor-tab-content-2632\" aria-expanded=\"false\">\n\t\t\t\t\t\t\t\t\t\t\t\t<span class=\"elementor-toggle-icon elementor-toggle-icon-left\" aria-hidden=\"true\">\n\t\t\t\t\t\t\t\t\t\t\t\t\t\t\t<span class=\"elementor-toggle-icon-closed\"><i class=\"fas fa-angle-double-down\"><\/i><\/span>\n\t\t\t\t\t\t\t\t<span class=\"elementor-toggle-icon-opened\"><i class=\"elementor-toggle-icon-opened fas fa-caret-up\"><\/i><\/span>\n\t\t\t\t\t\t\t\t\t\t\t\t\t<\/span>\n\t\t\t\t\t\t\t\t\t\t\t\t<a class=\"elementor-toggle-title\" tabindex=\"0\">PRESENTACI\u00d3N DE SOLICITUDES<\/a>\n\t\t\t\t\t<\/div>\n\n\t\t\t\t\t<div id=\"elementor-tab-content-2632\" class=\"elementor-tab-content elementor-clearfix\" data-tab=\"2\" role=\"region\" aria-labelledby=\"elementor-tab-title-2632\"><ul><li>La solicitudes se rellenar\u00e1n\u00a0 a trav\u00e9s de la\u00a0<a href=\"https:\/\/www.juntadeandalucia.es\/educacion\/secretariavirtual\/solicitudes\/\" target=\"_blank\" rel=\"noopener\">Secretaria Virtual\u00a0de los Centros Educativos:<img decoding=\"async\" src=\"https:\/\/www.juntadeandalucia.es\/educacion\/secretariavirtual\/images\/logo_secretaria_virtual.png\" alt=\"\" \/><\/a><\/li><\/ul><p>\u00a0Los enlaces estar\u00e1n activos durante los plazos de solicitudes<\/p><ul><li><strong>Mediante clave iANDe.<\/strong><a href=\"https:\/\/www.iessansebastian.com\/index.php\/nada\"><strong>\u00a0<\/strong><\/a>\u00a0<u>Se rellenar\u00e1 la solicitud<\/u>\u00a0 y una vez finalizada, esta\u00a0<u>quedar\u00e1 presentada<\/u>\u00a0si necesidad de ir al centro.\u00a0\u00a0<strong>\u00a0(Recomendada)\u00a0\u00a0<\/strong><\/li><\/ul><p>\u00a0 \u00a0 \u00a0 \u00a0 \u00a0 \u00a0 \u00a0 \u00a0 \u00a0 \u00a0 \u00a0 \u00a0 \u00a0 \u00a0 \u00a0 \u00a0 \u00a0 \u00a0 \u00a0 \u00a0 \u00a0 \u00a0 \u00a0 \u00a0 \u00a0 \u00a0 \u00a0 \u00a0 \u00a0 \u00a0 \u00a0 \u00a0 \u00a0 \u00a0 \u00a0 \u00a0 \u00a0<a style=\"font-family: Roboto, sans-serif; font-size: 15px; font-weight: 400; background-color: #ffffff;\" href=\"https:\/\/www.juntadeandalucia.es\/educacion\/secretariavirtual\/accesoTramite\/323\/\" target=\"_blank\" rel=\"noopener\">Rellenar Solicitud\u00a0Secretar\u00eda Virtual<\/a><\/p><h6><strong>\u00a0 \u00a0 \u00a0 \u00a0\u00a0<\/strong>Consulte\u00a0 el apartado , mas abajo:\u00a0\u00a0<strong>C\u00f3mo solicitar la clave iANDE, para poder identificarme en el proceso de admisi\u00f3n y matriculaci\u00f3n<\/strong><\/h6><ul><li><strong><a href=\"https:\/\/www.juntadeandalucia.es\/educacion\/secretariavirtual\/accesoTramite\/323\/\" target=\"_blank\" rel=\"noopener\"><img decoding=\"async\" src=\"https:\/\/www.iessansebastian.com\/include\/image.php?i=2m&amp;w=218&amp;h=57&amp;img=%2Fimage%2Fescolarizaci%C3%B3n%202020-21%2Fadultos%2Fiande.jpg\" alt=\"\" \/><\/a><\/strong><strong style=\"font-size: 15px;\">Mediante certificado digital. <\/strong><u style=\"font-size: 15px;\">Se rellenar\u00e1 la solicitud\u00a0<\/u><span style=\"font-size: 15px;\">y una vez finalizada, esta\u00a0<\/span><u style=\"font-size: 15px;\">quedar\u00e1 presentada<\/u><span style=\"font-size: 15px;\">\u00a0si necesidad de ir al centro.<\/span><\/li><\/ul><p>\u00a0 \u00a0 \u00a0 \u00a0 \u00a0 \u00a0 \u00a0 \u00a0 \u00a0 \u00a0 \u00a0 \u00a0 \u00a0 \u00a0 \u00a0 \u00a0 \u00a0 \u00a0 \u00a0 \u00a0 \u00a0 \u00a0 \u00a0 \u00a0 \u00a0 \u00a0 \u00a0 \u00a0 \u00a0 \u00a0 \u00a0 \u00a0 \u00a0 \u00a0 \u00a0 \u00a0\u00a0<a style=\"font-family: Roboto, sans-serif; font-size: 15px; font-style: normal; font-variant-ligatures: normal; font-variant-caps: normal; font-weight: 400; background-color: #ffffff;\" href=\"https:\/\/www.juntadeandalucia.es\/educacion\/secretariavirtual\/accesoTramite\/323\/\" target=\"_blank\" rel=\"noopener\">Rellernar Solicitud\u00a0Secretar\u00eda Virtual<\/a><\/p><p><a style=\"font-size: 15px; background-color: #ffffff;\" href=\"https:\/\/www.juntadeandalucia.es\/educacion\/secretariavirtual\/accesoTramite\/323\/\" target=\"_blank\" rel=\"noopener\"><img decoding=\"async\" src=\"https:\/\/www.iessansebastian.com\/include\/image.php?i=2n&amp;w=218&amp;h=57&amp;img=%2Fimage%2Fescolarizaci%C3%B3n%202020-21%2Fadultos%2Fcertificado.jpg\" alt=\"\" \/><\/a><\/p><p style=\"font-variant-ligatures: normal; font-variant-caps: normal; font-family: Roboto, sans-serif; font-size: 15px; font-style: normal; font-weight: 400; background-color: #f6fbff;\"><span style=\"font-size: 15px; font-weight: 600;\">C\u00f3mo solicitar la clave iANDE, para poder identificarme en el proceso de admisi\u00f3n y matriculaci\u00f3n:<\/span><\/p><ul style=\"font-variant-ligatures: normal; font-variant-caps: normal; font-family: Roboto, sans-serif; font-size: 15px; font-style: normal; font-weight: 400; background-color: #f6fbff;\"><li style=\"font-size: 15px;\"><u style=\"font-size: 15px;\"><span style=\"font-size: 15px; font-weight: 600;\">NO\u00a0<\/span>eres alumno\/a del Sistema Educativo Andaluz<\/u>\u00a0en el presente curso escolar,\u00a0<span style=\"font-size: 15px; font-weight: 600;\"><a style=\"font-size: 15px;\" href=\"https:\/\/www.juntadeandalucia.es\/educacion\/secretariavirtual\/autenticacion\/registroUsuarioIANDE\/\" target=\"_blank\" rel=\"noopener\">debes solicitar tu\u00a0clave iANDe<\/a>\u00a0 en cualquier Centro Educativo.<\/span><\/li><li style=\"font-size: 15px;\"><u style=\"font-size: 15px;\"><span style=\"font-size: 15px; font-weight: 600;\">SI<\/span>\u00a0ya eres alumno\/a<\/u>,\u00a0<span style=\"font-size: 15px; font-weight: 600;\">habr\u00e1s recibido tu clave iANDE\u00a0<\/span>v\u00eda iPASEN.\u00a0\u00a0<\/li><\/ul><\/div>\n\t\t\t\t<\/div>\n\t\t\t\t\t\t\t<div class=\"elementor-toggle-item\">\n\t\t\t\t\t<div id=\"elementor-tab-title-2633\" class=\"elementor-tab-title\" data-tab=\"3\" role=\"button\" aria-controls=\"elementor-tab-content-2633\" aria-expanded=\"false\">\n\t\t\t\t\t\t\t\t\t\t\t\t<span class=\"elementor-toggle-icon elementor-toggle-icon-left\" aria-hidden=\"true\">\n\t\t\t\t\t\t\t\t\t\t\t\t\t\t\t<span class=\"elementor-toggle-icon-closed\"><i class=\"fas fa-angle-double-down\"><\/i><\/span>\n\t\t\t\t\t\t\t\t<span class=\"elementor-toggle-icon-opened\"><i class=\"elementor-toggle-icon-opened fas fa-caret-up\"><\/i><\/span>\n\t\t\t\t\t\t\t\t\t\t\t\t\t<\/span>\n\t\t\t\t\t\t\t\t\t\t\t\t<a class=\"elementor-toggle-title\" tabindex=\"0\">MAS INFORMACI\u00d3N<\/a>\n\t\t\t\t\t<\/div>\n\n\t\t\t\t\t<div id=\"elementor-tab-content-2633\" class=\"elementor-tab-content elementor-clearfix\" data-tab=\"3\" role=\"region\" aria-labelledby=\"elementor-tab-title-2633\"><ul><li>Oferta Educativa Ciclos Formativos Oferta Modular Diferenciada (por publicar)<\/li><li><a href=\"https:\/\/www.juntadeandalucia.es\/educacion\/portales\/web\/escolarizacion\/fp\">Portal Escolarizaci\u00f3n (Junta de Andaluc\u00eda)<\/a><\/li><\/ul><\/div>\n\t\t\t\t<\/div>\n\t\t\t\t\t\t\t\t\t\t<script type=\"application\/ld+json\">{\"@context\":\"https:\\\/\\\/schema.org\",\"@type\":\"FAQPage\",\"mainEntity\":[{\"@type\":\"Question\",\"name\":\"CALENDARIO DE ADMISI\\u00d3N\",\"acceptedAnswer\":{\"@type\":\"Answer\",\"text\":\"<p>Todas las publicaciones\\u00a0 se podr\\u00e1n consultar,\\u00a0 en las fechas indicadas:<\\\/p><ul><li>En el\\u00a0<strong>tabl\\u00f3n de anuncios<\\\/strong>\\u00a0del centro.<\\\/li><li>En la\\u00a0 \\u00a0<strong>Secretar\\u00eda Virtual\\u00a0de los Centros Educativos,\\u00a0\\u00a0<\\\/strong><strong>mediante\\u00a0 clave iANDE\\u00a0<a href=\\\"https:\\\/\\\/www.juntadeandalucia.es\\\/educacion\\\/secretariavirtual\\\/autenticacion\\\/registroUsuarioIANDE\\\/\\\" target=\\\"_blank\\\" rel=\\\"noopener\\\"><img src=\\\"https:\\\/\\\/www.iessansebastian.com\\\/include\\\/image.php?i=2r&amp;w=60&amp;h=37&amp;img=%2Fimage%2Fescolarizaci%C3%B3n%202020-21%2Fclave%20iande.jpg\\\" alt=\\\"\\\" \\\/><\\\/a>\\u00a0(Recomendado)<a href=\\\"https:\\\/\\\/www.juntadeandalucia.es\\\/educacion\\\/secretariavirtual\\\/\\\" target=\\\"_blank\\\" rel=\\\"noopener\\\"><img src=\\\"https:\\\/\\\/www.iessansebastian.com\\\/include\\\/image.php?i=2q&amp;w=170&amp;h=30&amp;img=%2Fimage%2Fescolarizaci%C3%B3n%202020-21%2Flogo%20secretaria%20virtual.jpg\\\" alt=\\\"\\\" \\\/><\\\/a><\\\/strong><\\\/li><\\\/ul><p>ADMISI\\u00d3N CICLOS FORMATIVO OFERTA MODULAR DIFERENCIADA<\\\/p><ul><li><strong><span style=\\\"color: #0000ff;\\\">Solicitudes<\\\/span><\\\/strong>: Del 15\\u00a0 al 30 de junio<\\\/li><li><span style=\\\"color: #008000;\\\"><strong>Relaci\\u00f3n Provisional de Solicitudes<\\\/strong><\\\/span>: 8 de julio<\\\/li><li><span style=\\\"color: #003366;\\\"><strong>Alegaciones Relaci\\u00f3n Provisional de Solicitudes<\\\/strong><\\\/span>: 9 y 10 de julio<\\\/li><li><strong><span style=\\\"color: #ff6600;\\\">Relaci\\u00f3n Definitiva de Solicitudes<\\\/span><\\\/strong>: 16 de julio<\\\/li><li><span style=\\\"color: #000080;\\\"><strong>Adjudicaci\\u00f3n<\\\/strong><\\\/span>: 17 de julio<\\\/li><li><span style=\\\"color: #339966;\\\"><strong>Matr\\u00edcula<\\\/strong><\\\/span>: Del 18 al 23 julio<\\\/li><li><span style=\\\"font-variant-ligatures: normal; font-variant-caps: normal; font-family: Roboto, sans-serif; font-size: 15px; font-style: normal; font-weight: 600; color: #ff00ff;\\\">Asignaci\\u00f3n de Vacantes: <\\\/span><span style=\\\"font-family: Roboto, sans-serif; font-size: 15px; font-style: normal; font-variant-ligatures: normal; font-variant-caps: normal; font-weight: 400;\\\">\\u00a0Hasta el 15 de octubre.<\\\/span><\\\/li><\\\/ul>\"}},{\"@type\":\"Question\",\"name\":\"PRESENTACI\\u00d3N DE SOLICITUDES\",\"acceptedAnswer\":{\"@type\":\"Answer\",\"text\":\"<ul><li>La solicitudes se rellenar\\u00e1n\\u00a0 a trav\\u00e9s de la\\u00a0<a href=\\\"https:\\\/\\\/www.juntadeandalucia.es\\\/educacion\\\/secretariavirtual\\\/solicitudes\\\/\\\" target=\\\"_blank\\\" rel=\\\"noopener\\\">Secretaria Virtual\\u00a0de los Centros Educativos:<img src=\\\"https:\\\/\\\/www.juntadeandalucia.es\\\/educacion\\\/secretariavirtual\\\/images\\\/logo_secretaria_virtual.png\\\" alt=\\\"\\\" \\\/><\\\/a><\\\/li><\\\/ul><p>\\u00a0Los enlaces estar\\u00e1n activos durante los plazos de solicitudes<\\\/p><ul><li><strong>Mediante clave iANDe.<\\\/strong><a href=\\\"https:\\\/\\\/www.iessansebastian.com\\\/index.php\\\/nada\\\"><strong>\\u00a0<\\\/strong><\\\/a>\\u00a0<u>Se rellenar\\u00e1 la solicitud<\\\/u>\\u00a0 y una vez finalizada, esta\\u00a0<u>quedar\\u00e1 presentada<\\\/u>\\u00a0si necesidad de ir al centro.\\u00a0\\u00a0<strong>\\u00a0(Recomendada)\\u00a0\\u00a0<\\\/strong><\\\/li><\\\/ul><p>\\u00a0 \\u00a0 \\u00a0 \\u00a0 \\u00a0 \\u00a0 \\u00a0 \\u00a0 \\u00a0 \\u00a0 \\u00a0 \\u00a0 \\u00a0 \\u00a0 \\u00a0 \\u00a0 \\u00a0 \\u00a0 \\u00a0 \\u00a0 \\u00a0 \\u00a0 \\u00a0 \\u00a0 \\u00a0 \\u00a0 \\u00a0 \\u00a0 \\u00a0 \\u00a0 \\u00a0 \\u00a0 \\u00a0 \\u00a0 \\u00a0 \\u00a0 \\u00a0<a style=\\\"font-family: Roboto, sans-serif; font-size: 15px; font-weight: 400; background-color: #ffffff;\\\" href=\\\"https:\\\/\\\/www.juntadeandalucia.es\\\/educacion\\\/secretariavirtual\\\/accesoTramite\\\/323\\\/\\\" target=\\\"_blank\\\" rel=\\\"noopener\\\">Rellenar Solicitud\\u00a0Secretar\\u00eda Virtual<\\\/a><\\\/p><h6><strong>\\u00a0 \\u00a0 \\u00a0 \\u00a0\\u00a0<\\\/strong>Consulte\\u00a0 el apartado , mas abajo:\\u00a0\\u00a0<strong>C\\u00f3mo solicitar la clave iANDE, para poder identificarme en el proceso de admisi\\u00f3n y matriculaci\\u00f3n<\\\/strong><\\\/h6><ul><li><strong><a href=\\\"https:\\\/\\\/www.juntadeandalucia.es\\\/educacion\\\/secretariavirtual\\\/accesoTramite\\\/323\\\/\\\" target=\\\"_blank\\\" rel=\\\"noopener\\\"><img src=\\\"https:\\\/\\\/www.iessansebastian.com\\\/include\\\/image.php?i=2m&amp;w=218&amp;h=57&amp;img=%2Fimage%2Fescolarizaci%C3%B3n%202020-21%2Fadultos%2Fiande.jpg\\\" alt=\\\"\\\" \\\/><\\\/a><\\\/strong><strong style=\\\"font-size: 15px;\\\">Mediante certificado digital. <\\\/strong><u style=\\\"font-size: 15px;\\\">Se rellenar\\u00e1 la solicitud\\u00a0<\\\/u><span style=\\\"font-size: 15px;\\\">y una vez finalizada, esta\\u00a0<\\\/span><u style=\\\"font-size: 15px;\\\">quedar\\u00e1 presentada<\\\/u><span style=\\\"font-size: 15px;\\\">\\u00a0si necesidad de ir al centro.<\\\/span><\\\/li><\\\/ul><p>\\u00a0 \\u00a0 \\u00a0 \\u00a0 \\u00a0 \\u00a0 \\u00a0 \\u00a0 \\u00a0 \\u00a0 \\u00a0 \\u00a0 \\u00a0 \\u00a0 \\u00a0 \\u00a0 \\u00a0 \\u00a0 \\u00a0 \\u00a0 \\u00a0 \\u00a0 \\u00a0 \\u00a0 \\u00a0 \\u00a0 \\u00a0 \\u00a0 \\u00a0 \\u00a0 \\u00a0 \\u00a0 \\u00a0 \\u00a0 \\u00a0 \\u00a0\\u00a0<a style=\\\"font-family: Roboto, sans-serif; font-size: 15px; font-style: normal; font-variant-ligatures: normal; font-variant-caps: normal; font-weight: 400; background-color: #ffffff;\\\" href=\\\"https:\\\/\\\/www.juntadeandalucia.es\\\/educacion\\\/secretariavirtual\\\/accesoTramite\\\/323\\\/\\\" target=\\\"_blank\\\" rel=\\\"noopener\\\">Rellernar Solicitud\\u00a0Secretar\\u00eda Virtual<\\\/a><\\\/p><p><a style=\\\"font-size: 15px; background-color: #ffffff;\\\" href=\\\"https:\\\/\\\/www.juntadeandalucia.es\\\/educacion\\\/secretariavirtual\\\/accesoTramite\\\/323\\\/\\\" target=\\\"_blank\\\" rel=\\\"noopener\\\"><img src=\\\"https:\\\/\\\/www.iessansebastian.com\\\/include\\\/image.php?i=2n&amp;w=218&amp;h=57&amp;img=%2Fimage%2Fescolarizaci%C3%B3n%202020-21%2Fadultos%2Fcertificado.jpg\\\" alt=\\\"\\\" \\\/><\\\/a><\\\/p><p style=\\\"font-variant-ligatures: normal; font-variant-caps: normal; font-family: Roboto, sans-serif; font-size: 15px; font-style: normal; font-weight: 400; background-color: #f6fbff;\\\"><span style=\\\"font-size: 15px; font-weight: 600;\\\">C\\u00f3mo solicitar la clave iANDE, para poder identificarme en el proceso de admisi\\u00f3n y matriculaci\\u00f3n:<\\\/span><\\\/p><ul style=\\\"font-variant-ligatures: normal; font-variant-caps: normal; font-family: Roboto, sans-serif; font-size: 15px; font-style: normal; font-weight: 400; background-color: #f6fbff;\\\"><li style=\\\"font-size: 15px;\\\"><u style=\\\"font-size: 15px;\\\"><span style=\\\"font-size: 15px; font-weight: 600;\\\">NO\\u00a0<\\\/span>eres alumno\\\/a del Sistema Educativo Andaluz<\\\/u>\\u00a0en el presente curso escolar,\\u00a0<span style=\\\"font-size: 15px; font-weight: 600;\\\"><a style=\\\"font-size: 15px;\\\" href=\\\"https:\\\/\\\/www.juntadeandalucia.es\\\/educacion\\\/secretariavirtual\\\/autenticacion\\\/registroUsuarioIANDE\\\/\\\" target=\\\"_blank\\\" rel=\\\"noopener\\\">debes solicitar tu\\u00a0clave iANDe<\\\/a>\\u00a0 en cualquier Centro Educativo.<\\\/span><\\\/li><li style=\\\"font-size: 15px;\\\"><u style=\\\"font-size: 15px;\\\"><span style=\\\"font-size: 15px; font-weight: 600;\\\">SI<\\\/span>\\u00a0ya eres alumno\\\/a<\\\/u>,\\u00a0<span style=\\\"font-size: 15px; font-weight: 600;\\\">habr\\u00e1s recibido tu clave iANDE\\u00a0<\\\/span>v\\u00eda iPASEN.\\u00a0\\u00a0<\\\/li><\\\/ul>\"}},{\"@type\":\"Question\",\"name\":\"MAS INFORMACI\\u00d3N\",\"acceptedAnswer\":{\"@type\":\"Answer\",\"text\":\"<ul><li>Oferta Educativa Ciclos Formativos Oferta Modular Diferenciada (por publicar)<\\\/li><li><a href=\\\"https:\\\/\\\/www.juntadeandalucia.es\\\/educacion\\\/portales\\\/web\\\/escolarizacion\\\/fp\\\">Portal Escolarizaci\\u00f3n (Junta de Andaluc\\u00eda)<\\\/a><\\\/li><\\\/ul>\"}}]}<\/script>\n\t\t\t\t\t<\/div>\n\t\t\t\t\t\t<\/div>\n\t\t\t\t<\/div>\n\t\t\t\t\t<\/div>\n\t\t<\/div>\n\t\t\t\t\t<\/div>\n\t\t<\/section>\n\t\t\t\t<section class=\"elementor-section elementor-top-section elementor-element elementor-element-c3a2d45 elementor-section-boxed elementor-section-height-default elementor-section-height-default\" data-id=\"c3a2d45\" data-element_type=\"section\" data-e-type=\"section\">\n\t\t\t\t\t\t<div class=\"elementor-container elementor-column-gap-default\">\n\t\t\t\t\t<div class=\"elementor-column elementor-col-100 elementor-top-column elementor-element elementor-element-528a630\" data-id=\"528a630\" data-element_type=\"column\" data-e-type=\"column\">\n\t\t\t<div class=\"elementor-widget-wrap elementor-element-populated\">\n\t\t\t\t\t\t<div class=\"elementor-element elementor-element-644a9be elementor-widget-divider--view-line elementor-widget elementor-widget-divider\" data-id=\"644a9be\" data-element_type=\"widget\" data-e-type=\"widget\" data-widget_type=\"divider.default\">\n\t\t\t\t<div class=\"elementor-widget-container\">\n\t\t\t\t\t\t\t<div class=\"elementor-divider\">\n\t\t\t<span class=\"elementor-divider-separator\">\n\t\t\t\t\t\t<\/span>\n\t\t<\/div>\n\t\t\t\t\t\t<\/div>\n\t\t\t\t<\/div>\n\t\t\t\t\t<\/div>\n\t\t<\/div>\n\t\t\t\t\t<\/div>\n\t\t<\/section>\n\t\t\t\t<section class=\"elementor-section elementor-top-section elementor-element elementor-element-3fd62d6 elementor-section-boxed elementor-section-height-default elementor-section-height-default\" data-id=\"3fd62d6\" data-element_type=\"section\" data-e-type=\"section\">\n\t\t\t\t\t\t<div class=\"elementor-container elementor-column-gap-default\">\n\t\t\t\t\t<div class=\"elementor-column elementor-col-100 elementor-top-column elementor-element elementor-element-380e703\" data-id=\"380e703\" data-element_type=\"column\" data-e-type=\"column\">\n\t\t\t<div class=\"elementor-widget-wrap elementor-element-populated\">\n\t\t\t\t\t\t<div class=\"elementor-element elementor-element-baa9f97 elementor-widget elementor-widget-heading\" data-id=\"baa9f97\" data-element_type=\"widget\" data-e-type=\"widget\" data-widget_type=\"heading.default\">\n\t\t\t\t<div class=\"elementor-widget-container\">\n\t\t\t\t\t<h2 class=\"elementor-heading-title elementor-size-default\">Oferta Completa 2\u00ba Curso: (alumnado que procese de otro centro)<\/h2>\t\t\t\t<\/div>\n\t\t\t\t<\/div>\n\t\t\t\t\t<\/div>\n\t\t<\/div>\n\t\t\t\t\t<\/div>\n\t\t<\/section>\n\t\t\t\t<section class=\"elementor-section elementor-top-section elementor-element elementor-element-281a6e2 elementor-section-boxed elementor-section-height-default elementor-section-height-default\" data-id=\"281a6e2\" data-element_type=\"section\" data-e-type=\"section\">\n\t\t\t\t\t\t<div class=\"elementor-container elementor-column-gap-default\">\n\t\t\t\t\t<div class=\"elementor-column elementor-col-100 elementor-top-column elementor-element elementor-element-7b6a664\" data-id=\"7b6a664\" data-element_type=\"column\" data-e-type=\"column\">\n\t\t\t<div class=\"elementor-widget-wrap elementor-element-populated\">\n\t\t\t\t\t\t<div class=\"elementor-element elementor-element-1f52229 elementor-widget elementor-widget-text-editor\" data-id=\"1f52229\" data-element_type=\"widget\" data-e-type=\"widget\" data-widget_type=\"text-editor.default\">\n\t\t\t\t<div class=\"elementor-widget-container\">\n\t\t\t\t\t\t\t\t\t<h2><strong>Deben realizar este proceso de admisi\u00f3n, el\u00a0<u>alumnado que ha cursado el 1\u00ba curso del Ciclo Formativo en un centro diferente\u00a0<\/u>o<u>\u00a0 un Ciclo Formativo distinto pero que sus m\u00f3dulos son comunes<\/u>,\u00a0 y desea cursar el 2\u00ba curso en otro centro.<\/strong><\/h2><p><strong>El solicitante deber\u00e1 haber<u>\u00a0superado todos los m\u00f3dulos de 1\u00ba curso<\/u>.<\/strong><\/p><p>\u00a0<\/p>\t\t\t\t\t\t\t\t<\/div>\n\t\t\t\t<\/div>\n\t\t\t\t\t<\/div>\n\t\t<\/div>\n\t\t\t\t\t<\/div>\n\t\t<\/section>\n\t\t\t\t<section class=\"elementor-section elementor-top-section elementor-element elementor-element-ad8b5e2 elementor-section-boxed elementor-section-height-default elementor-section-height-default\" data-id=\"ad8b5e2\" data-element_type=\"section\" data-e-type=\"section\">\n\t\t\t\t\t\t<div class=\"elementor-container elementor-column-gap-default\">\n\t\t\t\t\t<div class=\"elementor-column elementor-col-100 elementor-top-column elementor-element elementor-element-31de35c\" data-id=\"31de35c\" data-element_type=\"column\" data-e-type=\"column\">\n\t\t\t<div class=\"elementor-widget-wrap elementor-element-populated\">\n\t\t\t\t\t\t<div class=\"elementor-element elementor-element-8684883 elementor-widget elementor-widget-toggle\" data-id=\"8684883\" data-element_type=\"widget\" data-e-type=\"widget\" data-widget_type=\"toggle.default\">\n\t\t\t\t<div class=\"elementor-widget-container\">\n\t\t\t\t\t\t\t<div class=\"elementor-toggle\">\n\t\t\t\t\t\t\t<div class=\"elementor-toggle-item\">\n\t\t\t\t\t<div id=\"elementor-tab-title-1411\" class=\"elementor-tab-title\" data-tab=\"1\" role=\"button\" aria-controls=\"elementor-tab-content-1411\" aria-expanded=\"false\">\n\t\t\t\t\t\t\t\t\t\t\t\t<span class=\"elementor-toggle-icon elementor-toggle-icon-left\" aria-hidden=\"true\">\n\t\t\t\t\t\t\t\t\t\t\t\t\t\t\t<span class=\"elementor-toggle-icon-closed\"><i class=\"fas fa-angle-double-down\"><\/i><\/span>\n\t\t\t\t\t\t\t\t<span class=\"elementor-toggle-icon-opened\"><i class=\"elementor-toggle-icon-opened fas fa-caret-up\"><\/i><\/span>\n\t\t\t\t\t\t\t\t\t\t\t\t\t<\/span>\n\t\t\t\t\t\t\t\t\t\t\t\t<a class=\"elementor-toggle-title\" tabindex=\"0\">CALENDARIO DE ADMISI\u00d3N<\/a>\n\t\t\t\t\t<\/div>\n\n\t\t\t\t\t<div id=\"elementor-tab-content-1411\" class=\"elementor-tab-content elementor-clearfix\" data-tab=\"1\" role=\"region\" aria-labelledby=\"elementor-tab-title-1411\"><p>Todas las publicaciones\u00a0 se podr\u00e1n consultar,\u00a0 en las fechas indicadas:<\/p><p>En el\u00a0<strong>tabl\u00f3n de anuncios<\/strong>\u00a0del centro.<\/p><ul><li><strong><span style=\"color: #0000ff;\">Solicitudes<\/span><\/strong>: <strong>Del 25 al 30 de junio<\/strong><\/li><li><span style=\"color: #008000;\"><strong>Relaci\u00f3n Provisional de Solicitudes<\/strong><\/span>: 3 <strong>\u00a0julio<\/strong><\/li><li><span style=\"color: #003366;\"><strong>Alegaciones Relaci\u00f3n Provisional de Solicitudes<\/strong><\/span>: del 4 al 7 de julio<\/li><li><strong><span style=\"color: #ff6600;\">Definitiva definitiva de Solicitudes<\/span><\/strong>: <strong>16 julio<\/strong><\/li><li><span style=\"color: #000080;\"><strong>Adjudicaci\u00f3n<\/strong><\/span>: <strong>16 julio<\/strong><\/li><li><span style=\"color: #339966;\"><strong>Matr\u00edcula<\/strong><\/span>:\u00a0\u00a0<strong>del 17 al 22 Julio<\/strong><\/li><\/ul><p><span style=\"font-family: Roboto, sans-serif; font-size: 18px; font-style: normal; font-variant-ligatures: normal; font-variant-caps: normal; font-weight: 600;\">LISTAS DE ESPERA\u00a0<\/span><\/p><ul><li><span style=\"font-family: Roboto, sans-serif; font-size: 18px; font-style: normal; font-variant-ligatures: normal; font-variant-caps: normal; font-weight: 600;\">Per\u00edodo Ordinario: del 1 de septiembre al 15 de octubre.<\/span><\/li><\/ul><\/div>\n\t\t\t\t<\/div>\n\t\t\t\t\t\t\t<div class=\"elementor-toggle-item\">\n\t\t\t\t\t<div id=\"elementor-tab-title-1412\" class=\"elementor-tab-title\" data-tab=\"2\" role=\"button\" aria-controls=\"elementor-tab-content-1412\" aria-expanded=\"false\">\n\t\t\t\t\t\t\t\t\t\t\t\t<span class=\"elementor-toggle-icon elementor-toggle-icon-left\" aria-hidden=\"true\">\n\t\t\t\t\t\t\t\t\t\t\t\t\t\t\t<span class=\"elementor-toggle-icon-closed\"><i class=\"fas fa-angle-double-down\"><\/i><\/span>\n\t\t\t\t\t\t\t\t<span class=\"elementor-toggle-icon-opened\"><i class=\"elementor-toggle-icon-opened fas fa-caret-up\"><\/i><\/span>\n\t\t\t\t\t\t\t\t\t\t\t\t\t<\/span>\n\t\t\t\t\t\t\t\t\t\t\t\t<a class=\"elementor-toggle-title\" tabindex=\"0\">PRESENTACI\u00d3N DE SOLICITUDES<\/a>\n\t\t\t\t\t<\/div>\n\n\t\t\t\t\t<div id=\"elementor-tab-content-1412\" class=\"elementor-tab-content elementor-clearfix\" data-tab=\"2\" role=\"region\" aria-labelledby=\"elementor-tab-title-1412\"><ul><li>La solicitudes se rellenar\u00e1n\u00a0 a trav\u00e9s de la\u00a0<a href=\"https:\/\/www.juntadeandalucia.es\/educacion\/secretariavirtual\/solicitudes\/\" target=\"_blank\" rel=\"noopener\">Secretaria Virtual\u00a0de los Centros Educativos:<img decoding=\"async\" src=\"https:\/\/www.juntadeandalucia.es\/educacion\/secretariavirtual\/images\/logo_secretaria_virtual.png\" alt=\"\" \/><\/a><\/li><\/ul><p>\u00a0Los enlaces estar\u00e1n activos durante los plazos de solicitudes<\/p><ul><li><strong>Mediante clave iANDe.<\/strong><a href=\"https:\/\/www.iessansebastian.com\/index.php\/nada\"><strong>\u00a0<\/strong><\/a>\u00a0<u>Se rellenar\u00e1 la solicitud<\/u>\u00a0 y una vez finalizada, esta\u00a0<u>quedar\u00e1 presentada<\/u>\u00a0si necesidad de ir al centro.\u00a0\u00a0<strong>\u00a0(Recomendada)<\/strong><\/li><\/ul><div><h3 style=\"font-family: open_sansregular, Verdana, Geneva, sans-serif; line-height: 24px; color: #575555; margin-bottom: 0px; font-size: 16px; font-style: normal; font-variant-ligatures: normal; font-variant-caps: normal;\">\u00a0<\/h3><\/div><p style=\"text-align: center;\"><strong>\u00a0<\/strong><a style=\"font-family: Roboto, sans-serif; font-size: 15px; font-style: normal; font-variant-ligatures: normal; font-variant-caps: normal; font-weight: 400; background-color: #ffffff; color: #13aff0;\" href=\"https:\/\/www.juntadeandalucia.es\/educacion\/secretariavirtual\/accesoTramite\/628\/\" target=\"_blank\" rel=\"noopener\">Rellenar Solicitud\u00a0 Admisi\u00f3n 2\u00ba curso Grado Medios (Secretar\u00eda Virtual)<\/a><strong style=\"font-size: 15px;\">\u00a0<\/strong><\/p><ul><li><strong><a href=\"https:\/\/www.juntadeandalucia.es\/educacion\/secretariavirtual\/accesoTramite\/323\/\" target=\"_blank\" rel=\"noopener\"><img decoding=\"async\" src=\"https:\/\/www.iessansebastian.com\/include\/image.php?i=2m&amp;w=218&amp;h=57&amp;img=%2Fimage%2Fescolarizaci%C3%B3n%202020-21%2Fadultos%2Fiande.jpg\" alt=\"\" \/><\/a><\/strong><strong style=\"font-size: 15px;\">Mediante certificado digital. <\/strong><u style=\"font-size: 15px;\">Se rellenar\u00e1 la solicitud\u00a0<\/u><span style=\"font-size: 15px;\">y una vez finalizada, esta\u00a0<\/span><u style=\"font-size: 15px;\">quedar\u00e1 presentada<\/u><span style=\"font-size: 15px;\">\u00a0si necesidad de ir al centro.<\/span><\/li><\/ul><p style=\"text-align: center;\"><a style=\"font-family: Roboto, sans-serif; font-size: 15px; font-style: normal; font-variant-ligatures: normal; font-variant-caps: normal; font-weight: 400; background-color: #ffffff; color: #13aff0;\" href=\"https:\/\/www.juntadeandalucia.es\/educacion\/secretariavirtual\/accesoTramite\/628\/\" target=\"_blank\" rel=\"noopener\">Rellenar Solicitud\u00a0 Admisi\u00f3n 2\u00ba curso Grado Medios (Secretar\u00eda Virtual)<\/a><a style=\"font-size: 15px; background-color: #ffffff;\" href=\"https:\/\/www.juntadeandalucia.es\/educacion\/secretariavirtual\/accesoTramite\/323\/\" target=\"_blank\" rel=\"noopener\"><img decoding=\"async\" src=\"https:\/\/www.iessansebastian.com\/include\/image.php?i=2n&amp;w=218&amp;h=57&amp;img=%2Fimage%2Fescolarizaci%C3%B3n%202020-21%2Fadultos%2Fcertificado.jpg\" alt=\"\" \/><\/a><\/p><p style=\"font-variant-ligatures: normal; font-variant-caps: normal; font-family: Roboto, sans-serif; font-size: 15px; font-style: normal; font-weight: 400; background-color: #f6fbff;\"><span style=\"font-size: 15px; font-weight: 600;\">C\u00f3mo solicitar la clave iANDE, para poder identificarme en el proceso de admisi\u00f3n y matriculaci\u00f3n:<\/span><\/p><ul style=\"font-variant-ligatures: normal; font-variant-caps: normal; font-family: Roboto, sans-serif; font-size: 15px; font-style: normal; font-weight: 400; background-color: #f6fbff;\"><li style=\"font-size: 15px;\"><u style=\"font-size: 15px;\"><span style=\"font-size: 15px; font-weight: 600;\">NO\u00a0<\/span>eres alumno\/a del sistema educativo andaluz<\/u>\u00a0en el presente curso escolar,\u00a0<span style=\"font-size: 15px; font-weight: 600;\"><a style=\"font-size: 15px;\" href=\"https:\/\/www.juntadeandalucia.es\/educacion\/secretariavirtual\/autenticacion\/registroUsuarioIANDE\/\" target=\"_blank\" rel=\"noopener\">debes solicitar tu\u00a0clave iANDe<\/a>\u00a0 en cualquier Centro Educativo.<\/span><\/li><li style=\"font-size: 15px;\"><u style=\"font-size: 15px;\"><span style=\"font-size: 15px; font-weight: 600;\">SI<\/span>\u00a0ya eres alumno\/a<\/u>,\u00a0<span style=\"font-size: 15px; font-weight: 600;\">habr\u00e1s recibido tu clave iANDE\u00a0<\/span>v\u00eda iPASEN.<\/li><\/ul><\/div>\n\t\t\t\t<\/div>\n\t\t\t\t\t\t\t<div class=\"elementor-toggle-item\">\n\t\t\t\t\t<div id=\"elementor-tab-title-1413\" class=\"elementor-tab-title\" data-tab=\"3\" role=\"button\" aria-controls=\"elementor-tab-content-1413\" aria-expanded=\"false\">\n\t\t\t\t\t\t\t\t\t\t\t\t<span class=\"elementor-toggle-icon elementor-toggle-icon-left\" aria-hidden=\"true\">\n\t\t\t\t\t\t\t\t\t\t\t\t\t\t\t<span class=\"elementor-toggle-icon-closed\"><i class=\"fas fa-angle-double-down\"><\/i><\/span>\n\t\t\t\t\t\t\t\t<span class=\"elementor-toggle-icon-opened\"><i class=\"elementor-toggle-icon-opened fas fa-caret-up\"><\/i><\/span>\n\t\t\t\t\t\t\t\t\t\t\t\t\t<\/span>\n\t\t\t\t\t\t\t\t\t\t\t\t<a class=\"elementor-toggle-title\" tabindex=\"0\">MAS INFORMACI\u00d3N<\/a>\n\t\t\t\t\t<\/div>\n\n\t\t\t\t\t<div id=\"elementor-tab-content-1413\" class=\"elementor-tab-content elementor-clearfix\" data-tab=\"3\" role=\"region\" aria-labelledby=\"elementor-tab-title-1413\"><ul><li>Alegaciones Relaci\u00f3n Provisional de Solicitudes.<\/li><\/ul><\/div>\n\t\t\t\t<\/div>\n\t\t\t\t\t\t\t\t\t\t<script type=\"application\/ld+json\">{\"@context\":\"https:\\\/\\\/schema.org\",\"@type\":\"FAQPage\",\"mainEntity\":[{\"@type\":\"Question\",\"name\":\"CALENDARIO DE ADMISI\\u00d3N\",\"acceptedAnswer\":{\"@type\":\"Answer\",\"text\":\"<p>Todas las publicaciones\\u00a0 se podr\\u00e1n consultar,\\u00a0 en las fechas indicadas:<\\\/p><p>En el\\u00a0<strong>tabl\\u00f3n de anuncios<\\\/strong>\\u00a0del centro.<\\\/p><ul><li><strong><span style=\\\"color: #0000ff;\\\">Solicitudes<\\\/span><\\\/strong>: <strong>Del 25 al 30 de junio<\\\/strong><\\\/li><li><span style=\\\"color: #008000;\\\"><strong>Relaci\\u00f3n Provisional de Solicitudes<\\\/strong><\\\/span>: 3 <strong>\\u00a0julio<\\\/strong><\\\/li><li><span style=\\\"color: #003366;\\\"><strong>Alegaciones Relaci\\u00f3n Provisional de Solicitudes<\\\/strong><\\\/span>: del 4 al 7 de julio<\\\/li><li><strong><span style=\\\"color: #ff6600;\\\">Definitiva definitiva de Solicitudes<\\\/span><\\\/strong>: <strong>16 julio<\\\/strong><\\\/li><li><span style=\\\"color: #000080;\\\"><strong>Adjudicaci\\u00f3n<\\\/strong><\\\/span>: <strong>16 julio<\\\/strong><\\\/li><li><span style=\\\"color: #339966;\\\"><strong>Matr\\u00edcula<\\\/strong><\\\/span>:\\u00a0\\u00a0<strong>del 17 al 22 Julio<\\\/strong><\\\/li><\\\/ul><p><span style=\\\"font-family: Roboto, sans-serif; font-size: 18px; font-style: normal; font-variant-ligatures: normal; font-variant-caps: normal; font-weight: 600;\\\">LISTAS DE ESPERA\\u00a0<\\\/span><\\\/p><ul><li><span style=\\\"font-family: Roboto, sans-serif; font-size: 18px; font-style: normal; font-variant-ligatures: normal; font-variant-caps: normal; font-weight: 600;\\\">Per\\u00edodo Ordinario: del 1 de septiembre al 15 de octubre.<\\\/span><\\\/li><\\\/ul>\"}},{\"@type\":\"Question\",\"name\":\"PRESENTACI\\u00d3N DE SOLICITUDES\",\"acceptedAnswer\":{\"@type\":\"Answer\",\"text\":\"<ul><li>La solicitudes se rellenar\\u00e1n\\u00a0 a trav\\u00e9s de la\\u00a0<a href=\\\"https:\\\/\\\/www.juntadeandalucia.es\\\/educacion\\\/secretariavirtual\\\/solicitudes\\\/\\\" target=\\\"_blank\\\" rel=\\\"noopener\\\">Secretaria Virtual\\u00a0de los Centros Educativos:<img src=\\\"https:\\\/\\\/www.juntadeandalucia.es\\\/educacion\\\/secretariavirtual\\\/images\\\/logo_secretaria_virtual.png\\\" alt=\\\"\\\" \\\/><\\\/a><\\\/li><\\\/ul><p>\\u00a0Los enlaces estar\\u00e1n activos durante los plazos de solicitudes<\\\/p><ul><li><strong>Mediante clave iANDe.<\\\/strong><a href=\\\"https:\\\/\\\/www.iessansebastian.com\\\/index.php\\\/nada\\\"><strong>\\u00a0<\\\/strong><\\\/a>\\u00a0<u>Se rellenar\\u00e1 la solicitud<\\\/u>\\u00a0 y una vez finalizada, esta\\u00a0<u>quedar\\u00e1 presentada<\\\/u>\\u00a0si necesidad de ir al centro.\\u00a0\\u00a0<strong>\\u00a0(Recomendada)<\\\/strong><\\\/li><\\\/ul><div><h3 style=\\\"font-family: open_sansregular, Verdana, Geneva, sans-serif; line-height: 24px; color: #575555; margin-bottom: 0px; font-size: 16px; font-style: normal; font-variant-ligatures: normal; font-variant-caps: normal;\\\">\\u00a0<\\\/h3><\\\/div><p style=\\\"text-align: center;\\\"><strong>\\u00a0<\\\/strong><a style=\\\"font-family: Roboto, sans-serif; font-size: 15px; font-style: normal; font-variant-ligatures: normal; font-variant-caps: normal; font-weight: 400; background-color: #ffffff; color: #13aff0;\\\" href=\\\"https:\\\/\\\/www.juntadeandalucia.es\\\/educacion\\\/secretariavirtual\\\/accesoTramite\\\/628\\\/\\\" target=\\\"_blank\\\" rel=\\\"noopener\\\">Rellenar Solicitud\\u00a0 Admisi\\u00f3n 2\\u00ba curso Grado Medios (Secretar\\u00eda Virtual)<\\\/a><strong style=\\\"font-size: 15px;\\\">\\u00a0<\\\/strong><\\\/p><ul><li><strong><a href=\\\"https:\\\/\\\/www.juntadeandalucia.es\\\/educacion\\\/secretariavirtual\\\/accesoTramite\\\/323\\\/\\\" target=\\\"_blank\\\" rel=\\\"noopener\\\"><img src=\\\"https:\\\/\\\/www.iessansebastian.com\\\/include\\\/image.php?i=2m&amp;w=218&amp;h=57&amp;img=%2Fimage%2Fescolarizaci%C3%B3n%202020-21%2Fadultos%2Fiande.jpg\\\" alt=\\\"\\\" \\\/><\\\/a><\\\/strong><strong style=\\\"font-size: 15px;\\\">Mediante certificado digital. <\\\/strong><u style=\\\"font-size: 15px;\\\">Se rellenar\\u00e1 la solicitud\\u00a0<\\\/u><span style=\\\"font-size: 15px;\\\">y una vez finalizada, esta\\u00a0<\\\/span><u style=\\\"font-size: 15px;\\\">quedar\\u00e1 presentada<\\\/u><span style=\\\"font-size: 15px;\\\">\\u00a0si necesidad de ir al centro.<\\\/span><\\\/li><\\\/ul><p style=\\\"text-align: center;\\\"><a style=\\\"font-family: Roboto, sans-serif; font-size: 15px; font-style: normal; font-variant-ligatures: normal; font-variant-caps: normal; font-weight: 400; background-color: #ffffff; color: #13aff0;\\\" href=\\\"https:\\\/\\\/www.juntadeandalucia.es\\\/educacion\\\/secretariavirtual\\\/accesoTramite\\\/628\\\/\\\" target=\\\"_blank\\\" rel=\\\"noopener\\\">Rellenar Solicitud\\u00a0 Admisi\\u00f3n 2\\u00ba curso Grado Medios (Secretar\\u00eda Virtual)<\\\/a><a style=\\\"font-size: 15px; background-color: #ffffff;\\\" href=\\\"https:\\\/\\\/www.juntadeandalucia.es\\\/educacion\\\/secretariavirtual\\\/accesoTramite\\\/323\\\/\\\" target=\\\"_blank\\\" rel=\\\"noopener\\\"><img src=\\\"https:\\\/\\\/www.iessansebastian.com\\\/include\\\/image.php?i=2n&amp;w=218&amp;h=57&amp;img=%2Fimage%2Fescolarizaci%C3%B3n%202020-21%2Fadultos%2Fcertificado.jpg\\\" alt=\\\"\\\" \\\/><\\\/a><\\\/p><p style=\\\"font-variant-ligatures: normal; font-variant-caps: normal; font-family: Roboto, sans-serif; font-size: 15px; font-style: normal; font-weight: 400; background-color: #f6fbff;\\\"><span style=\\\"font-size: 15px; font-weight: 600;\\\">C\\u00f3mo solicitar la clave iANDE, para poder identificarme en el proceso de admisi\\u00f3n y matriculaci\\u00f3n:<\\\/span><\\\/p><ul style=\\\"font-variant-ligatures: normal; font-variant-caps: normal; font-family: Roboto, sans-serif; font-size: 15px; font-style: normal; font-weight: 400; background-color: #f6fbff;\\\"><li style=\\\"font-size: 15px;\\\"><u style=\\\"font-size: 15px;\\\"><span style=\\\"font-size: 15px; font-weight: 600;\\\">NO\\u00a0<\\\/span>eres alumno\\\/a del sistema educativo andaluz<\\\/u>\\u00a0en el presente curso escolar,\\u00a0<span style=\\\"font-size: 15px; font-weight: 600;\\\"><a style=\\\"font-size: 15px;\\\" href=\\\"https:\\\/\\\/www.juntadeandalucia.es\\\/educacion\\\/secretariavirtual\\\/autenticacion\\\/registroUsuarioIANDE\\\/\\\" target=\\\"_blank\\\" rel=\\\"noopener\\\">debes solicitar tu\\u00a0clave iANDe<\\\/a>\\u00a0 en cualquier Centro Educativo.<\\\/span><\\\/li><li style=\\\"font-size: 15px;\\\"><u style=\\\"font-size: 15px;\\\"><span style=\\\"font-size: 15px; font-weight: 600;\\\">SI<\\\/span>\\u00a0ya eres alumno\\\/a<\\\/u>,\\u00a0<span style=\\\"font-size: 15px; font-weight: 600;\\\">habr\\u00e1s recibido tu clave iANDE\\u00a0<\\\/span>v\\u00eda iPASEN.<\\\/li><\\\/ul>\"}},{\"@type\":\"Question\",\"name\":\"MAS INFORMACI\\u00d3N\",\"acceptedAnswer\":{\"@type\":\"Answer\",\"text\":\"<ul><li>Alegaciones Relaci\\u00f3n Provisional de Solicitudes.<\\\/li><\\\/ul>\"}}]}<\/script>\n\t\t\t\t\t<\/div>\n\t\t\t\t\t\t<\/div>\n\t\t\t\t<\/div>\n\t\t\t\t\t<\/div>\n\t\t<\/div>\n\t\t\t\t\t<\/div>\n\t\t<\/section>\n\t\t\t\t<section class=\"elementor-section elementor-top-section elementor-element elementor-element-8c713cf elementor-section-boxed elementor-section-height-default elementor-section-height-default\" data-id=\"8c713cf\" data-element_type=\"section\" data-e-type=\"section\">\n\t\t\t\t\t\t<div class=\"elementor-container elementor-column-gap-default\">\n\t\t\t\t\t<div class=\"elementor-column elementor-col-100 elementor-top-column elementor-element elementor-element-fcef88e\" data-id=\"fcef88e\" data-element_type=\"column\" data-e-type=\"column\">\n\t\t\t<div class=\"elementor-widget-wrap elementor-element-populated\">\n\t\t\t\t\t\t<div class=\"elementor-element elementor-element-20d9f61 elementor-widget-divider--view-line elementor-widget elementor-widget-divider\" data-id=\"20d9f61\" data-element_type=\"widget\" data-e-type=\"widget\" data-widget_type=\"divider.default\">\n\t\t\t\t<div class=\"elementor-widget-container\">\n\t\t\t\t\t\t\t<div class=\"elementor-divider\">\n\t\t\t<span class=\"elementor-divider-separator\">\n\t\t\t\t\t\t<\/span>\n\t\t<\/div>\n\t\t\t\t\t\t<\/div>\n\t\t\t\t<\/div>\n\t\t\t\t\t<\/div>\n\t\t<\/div>\n\t\t\t\t\t<\/div>\n\t\t<\/section>\n\t\t\t\t<section class=\"elementor-section elementor-top-section elementor-element elementor-element-8945423 elementor-section-boxed elementor-section-height-default elementor-section-height-default\" data-id=\"8945423\" data-element_type=\"section\" data-e-type=\"section\">\n\t\t\t\t\t\t<div class=\"elementor-container elementor-column-gap-default\">\n\t\t\t\t\t<div class=\"elementor-column elementor-col-100 elementor-top-column elementor-element elementor-element-d2afb76\" data-id=\"d2afb76\" data-element_type=\"column\" data-e-type=\"column\">\n\t\t\t<div class=\"elementor-widget-wrap elementor-element-populated\">\n\t\t\t\t\t\t<div class=\"elementor-element elementor-element-8225006 elementor-widget elementor-widget-heading\" data-id=\"8225006\" data-element_type=\"widget\" data-e-type=\"widget\" data-widget_type=\"heading.default\">\n\t\t\t\t<div class=\"elementor-widget-container\">\n\t\t\t\t\t<h2 class=\"elementor-heading-title elementor-size-default\"><h2>Curso de Especializaci\u00f3n<\/h2><\/h2>\t\t\t\t<\/div>\n\t\t\t\t<\/div>\n\t\t\t\t\t<\/div>\n\t\t<\/div>\n\t\t\t\t\t<\/div>\n\t\t<\/section>\n\t\t\t\t<section class=\"elementor-section elementor-top-section elementor-element elementor-element-011570f elementor-section-boxed elementor-section-height-default elementor-section-height-default\" data-id=\"011570f\" data-element_type=\"section\" data-e-type=\"section\">\n\t\t\t\t\t\t<div class=\"elementor-container elementor-column-gap-default\">\n\t\t\t\t\t<div class=\"elementor-column elementor-col-100 elementor-top-column elementor-element elementor-element-da89333\" data-id=\"da89333\" data-element_type=\"column\" data-e-type=\"column\">\n\t\t\t<div class=\"elementor-widget-wrap elementor-element-populated\">\n\t\t\t\t\t\t<div class=\"elementor-element elementor-element-7b1c543 elementor-widget elementor-widget-text-editor\" data-id=\"7b1c543\" data-element_type=\"widget\" data-e-type=\"widget\" data-widget_type=\"text-editor.default\">\n\t\t\t\t<div class=\"elementor-widget-container\">\n\t\t\t\t\t\t\t\t\t<p style=\"text-align: center;\"><strong>DESARROLLO DE VIDEOJUEGOS Y REALIDAD VIRTUAL<\/strong><\/p>\n<p style=\"text-align: center;\"><a href=\"https:\/\/www.juntadeandalucia.es\/educacion\/portals\/web\/formacion-profesional-andaluza\/contenidos\/-\/contenidos\/detalle\/0-1-5-2-7-ce-dvrv-desarrollo-de-videojuegos-y-realidad-virtual\" target=\"_blank\">Mas informaci\u00f3n<\/a><br><\/p>\t\t\t\t\t\t\t\t<\/div>\n\t\t\t\t<\/div>\n\t\t\t\t\t<\/div>\n\t\t<\/div>\n\t\t\t\t\t<\/div>\n\t\t<\/section>\n\t\t\t\t<section class=\"elementor-section elementor-top-section elementor-element elementor-element-8640e96 elementor-section-boxed elementor-section-height-default elementor-section-height-default\" data-id=\"8640e96\" data-element_type=\"section\" data-e-type=\"section\">\n\t\t\t\t\t\t<div class=\"elementor-container elementor-column-gap-default\">\n\t\t\t\t\t<div class=\"elementor-column elementor-col-100 elementor-top-column elementor-element elementor-element-018d000\" data-id=\"018d000\" data-element_type=\"column\" data-e-type=\"column\">\n\t\t\t<div class=\"elementor-widget-wrap elementor-element-populated\">\n\t\t\t\t\t\t<div class=\"elementor-element elementor-element-dc0a957 elementor-widget elementor-widget-text-editor\" data-id=\"dc0a957\" data-element_type=\"widget\" data-e-type=\"widget\" data-widget_type=\"text-editor.default\">\n\t\t\t\t<div class=\"elementor-widget-container\">\n\t\t\t\t\t\t\t\t\t<h2 style=\"font-variant-ligatures: normal; font-variant-caps: normal; font-family: Roboto, sans-serif; font-style: normal;\"><span style=\"font-size: 20px; font-weight: 600;\">Deben realizar este proceso de admisi\u00f3n, el<u style=\"font-size: 20px;\">\u00a0alumnado de nuevo ingreso<\/u>\u00a0\u00a0<u style=\"font-size: 20px;\">o que\u00a0 siendo del centro desee INICIAR estas ense\u00f1anzas<\/u>\u00a0en Oferta Completa Presencial.\u00a0<\/span><\/h2>\t\t\t\t\t\t\t\t<\/div>\n\t\t\t\t<\/div>\n\t\t\t\t\t<\/div>\n\t\t<\/div>\n\t\t\t\t\t<\/div>\n\t\t<\/section>\n\t\t\t\t<section class=\"elementor-section elementor-top-section elementor-element elementor-element-9c93733 elementor-section-boxed elementor-section-height-default elementor-section-height-default\" data-id=\"9c93733\" data-element_type=\"section\" data-e-type=\"section\">\n\t\t\t\t\t\t<div class=\"elementor-container elementor-column-gap-default\">\n\t\t\t\t\t<div class=\"elementor-column elementor-col-100 elementor-top-column elementor-element elementor-element-9ee0e33\" data-id=\"9ee0e33\" data-element_type=\"column\" data-e-type=\"column\">\n\t\t\t<div class=\"elementor-widget-wrap elementor-element-populated\">\n\t\t\t\t\t\t<div class=\"elementor-element elementor-element-d28f35c elementor-widget elementor-widget-toggle\" data-id=\"d28f35c\" data-element_type=\"widget\" data-e-type=\"widget\" data-widget_type=\"toggle.default\">\n\t\t\t\t<div class=\"elementor-widget-container\">\n\t\t\t\t\t\t\t<div class=\"elementor-toggle\">\n\t\t\t\t\t\t\t<div class=\"elementor-toggle-item\">\n\t\t\t\t\t<div id=\"elementor-tab-title-2201\" class=\"elementor-tab-title\" data-tab=\"1\" role=\"button\" aria-controls=\"elementor-tab-content-2201\" aria-expanded=\"false\">\n\t\t\t\t\t\t\t\t\t\t\t\t<span class=\"elementor-toggle-icon elementor-toggle-icon-left\" aria-hidden=\"true\">\n\t\t\t\t\t\t\t\t\t\t\t\t\t\t\t<span class=\"elementor-toggle-icon-closed\"><i class=\"fas fa-angle-double-down\"><\/i><\/span>\n\t\t\t\t\t\t\t\t<span class=\"elementor-toggle-icon-opened\"><i class=\"elementor-toggle-icon-opened fas fa-caret-up\"><\/i><\/span>\n\t\t\t\t\t\t\t\t\t\t\t\t\t<\/span>\n\t\t\t\t\t\t\t\t\t\t\t\t<a class=\"elementor-toggle-title\" tabindex=\"0\">CALENDARIO DE ADMISI\u00d3N<\/a>\n\t\t\t\t\t<\/div>\n\n\t\t\t\t\t<div id=\"elementor-tab-content-2201\" class=\"elementor-tab-content elementor-clearfix\" data-tab=\"1\" role=\"region\" aria-labelledby=\"elementor-tab-title-2201\"><p>\u00a0Todas las publicaciones\u00a0 se podr\u00e1n consultar,\u00a0 en las fechas indicadas:<\/p><ul><li>En el\u00a0<strong>tabl\u00f3n de anuncios<\/strong>\u00a0del centro.<\/li><\/ul><p>En la\u00a0 \u00a0<strong>Secretar\u00eda Virtual\u00a0de los Centros Educativos<\/strong><strong>\u00a0\u00a0(Recomendado)<\/strong><\/p><ul><li style=\"list-style-type: none;\"><ul><li><strong><span style=\"color: #0000ff;\">Solicitudes<\/span><\/strong>: Del 15 al 30de junio<\/li><li><span style=\"color: #008000;\"><strong>Relaci\u00f3n Provisional de Solicitudes<\/strong><\/span>: 3 Julio<\/li><li><span style=\"color: #003366;\"><strong>Alegaciones Relaci\u00f3n Provisional<\/strong><\/span>:\u00a0 del 4 al 7 de Julio<\/li><li><strong><span style=\"color: #ff6600;\">Relaci\u00f3n\u00a0 Definitiva de Solicitudes<\/span><\/strong>: 14 Julio<\/li><li><span style=\"color: #000080;\"><strong>Adjudicaci\u00f3n<\/strong><\/span>:\u00a0 15 Julio\u00a0<\/li><li style=\"font-size: 18px;\"><span style=\"font-size: 18px; color: #339966;\"><span style=\"font-size: 18px; font-weight: 600;\">Matr\u00edcula<\/span><\/span><span style=\"font-size: 18px;\">:\u00a0 Del 16 al 21 Julio<\/span><\/li><\/ul><\/li><\/ul><p style=\"font-size: 18px;\"><span style=\"font-family: Roboto, sans-serif; font-size: 18px; font-style: normal; font-variant-ligatures: normal; font-variant-caps: normal; font-weight: 600;\">LISTAS DE ESPERA\u00a0<\/span><\/p><ul><li style=\"list-style-type: none;\"><ul style=\"font-size: 18px;\"><li style=\"font-size: 18px;\"><span style=\"font-variant-ligatures: normal; font-variant-caps: normal; font-family: Roboto, sans-serif; font-size: 18px; font-style: normal; font-weight: 600;\">Hasta 15 d\u00edas despu\u00e9s del inicio del curso.<\/span><\/li><\/ul><\/li><\/ul><\/div>\n\t\t\t\t<\/div>\n\t\t\t\t\t\t\t<div class=\"elementor-toggle-item\">\n\t\t\t\t\t<div id=\"elementor-tab-title-2202\" class=\"elementor-tab-title\" data-tab=\"2\" role=\"button\" aria-controls=\"elementor-tab-content-2202\" aria-expanded=\"false\">\n\t\t\t\t\t\t\t\t\t\t\t\t<span class=\"elementor-toggle-icon elementor-toggle-icon-left\" aria-hidden=\"true\">\n\t\t\t\t\t\t\t\t\t\t\t\t\t\t\t<span class=\"elementor-toggle-icon-closed\"><i class=\"fas fa-angle-double-down\"><\/i><\/span>\n\t\t\t\t\t\t\t\t<span class=\"elementor-toggle-icon-opened\"><i class=\"elementor-toggle-icon-opened fas fa-caret-up\"><\/i><\/span>\n\t\t\t\t\t\t\t\t\t\t\t\t\t<\/span>\n\t\t\t\t\t\t\t\t\t\t\t\t<a class=\"elementor-toggle-title\" tabindex=\"0\">PRESENTACI\u00d3N DE SOLICITUDES<\/a>\n\t\t\t\t\t<\/div>\n\n\t\t\t\t\t<div id=\"elementor-tab-content-2202\" class=\"elementor-tab-content elementor-clearfix\" data-tab=\"2\" role=\"region\" aria-labelledby=\"elementor-tab-title-2202\"><ul><li>La solicitudes se rellenar\u00e1n\u00a0 a trav\u00e9s de la\u00a0<a href=\"https:\/\/www.juntadeandalucia.es\/educacion\/secretariavirtual\/solicitudes\/\" target=\"_blank\" rel=\"noopener\">Secretaria Virtual\u00a0de los Centros Educativos:<img decoding=\"async\" class=\"aligncenter\" src=\"https:\/\/www.juntadeandalucia.es\/educacion\/secretariavirtual\/images\/logo_secretaria_virtual.png\" alt=\"\" \/><\/a><\/li><\/ul><p>\u00a0Los enlaces estar\u00e1n activos durante los plazos de solicitudes<\/p><ul><li><strong>Mediante Clave iANDe:\u00a0\u00a0<\/strong><u>Se rellenar\u00e1 la solicitud<\/u>\u00a0 y una vez finalizada, esta\u00a0<u>quedar\u00e1 presentada<\/u>\u00a0si necesidad de ir al centro.\u00a0\u00a0<strong>\u00a0(Recomendada)\u00a0\u00a0<\/strong><strong style=\"font-size: 18px;\">\u00a0 \u00a0<\/strong><\/li><\/ul><p><strong style=\"font-size: 18px;\">\u00a0 \u00a0 \u00a0 \u00a0 \u00a0 \u00a0 \u00a0 \u00a0 \u00a0 \u00a0 \u00a0 \u00a0 \u00a0 \u00a0 \u00a0 \u00a0 \u00a0 \u00a0 \u00a0 \u00a0 \u00a0 \u00a0 \u00a0 \u00a0 \u00a0 \u00a0 \u00a0<a href=\"https:\/\/www.juntadeandalucia.es\/educacion\/secretariavirtual\/accesoTramite\/519\/\" target=\"_blank\" rel=\"noopener\">Rellernar Solicitud\u00a0Secretar\u00eda Virtual<\/a><\/strong><a href=\"_wp_link_placeholder\"><strong style=\"font-size: 18px;\">\u00a0<\/strong><\/a><\/p><ul><li><strong>\u00a0Mediante Certificado Digital: <\/strong><u>Se rellenar\u00e1 la solicitud\u00a0<\/u>y una vez finalizada, esta\u00a0<u>quedar\u00e1 presentada<\/u>\u00a0si necesidad de ir al centro.<\/li><\/ul><p><strong>\u00a0 \u00a0 \u00a0 \u00a0 \u00a0 \u00a0 \u00a0 \u00a0 \u00a0 \u00a0 \u00a0 \u00a0 \u00a0 \u00a0 \u00a0 \u00a0 \u00a0 \u00a0 \u00a0 \u00a0 \u00a0 \u00a0 \u00a0 \u00a0 \u00a0 \u00a0 \u00a0<a href=\"https:\/\/www.juntadeandalucia.es\/educacion\/secretariavirtual\/accesoTramite\/519\/\" target=\"_blank\" rel=\"noopener\">Rellernar Solicitud\u00a0Secretar\u00eda Virtual<\/a>\u00a0 \u00a0 \u00a0 \u00a0\u00a0<\/strong><\/p><p style=\"font-variant-ligatures: normal; font-variant-caps: normal; font-family: Roboto, sans-serif; font-size: 15px; font-style: normal; font-weight: 400; background-color: #f6fbff;\"><span style=\"font-size: 15px; font-weight: 600;\">C\u00f3mo solicitar la clave iANDE, para poder identificarme en el proceso de admisi\u00f3n y matriculaci\u00f3n:<\/span><\/p><ul style=\"font-variant-ligatures: normal; font-variant-caps: normal; font-family: Roboto, sans-serif; font-size: 15px; font-style: normal; font-weight: 400; background-color: #f6fbff;\"><li style=\"font-size: 15px;\"><u style=\"font-size: 15px;\"><span style=\"font-size: 15px; font-weight: 600;\">NO\u00a0<\/span>eres alumno\/a del sistema educativo andaluz<\/u>\u00a0en el presente curso escolar ,\u00a0<span style=\"font-size: 15px; font-weight: 600;\"><a style=\"font-size: 15px;\" href=\"https:\/\/www.juntadeandalucia.es\/educacion\/secretariavirtual\/autenticacion\/registroUsuarioIANDE\/\" target=\"_blank\" rel=\"noopener\">debes solicitar tu\u00a0clave iANDe<\/a>\u00a0 en cualquier Centro Educativo.<\/span><\/li><li style=\"font-size: 15px;\"><u style=\"font-size: 15px;\"><span style=\"font-size: 15px; font-weight: 600;\">SI<\/span>\u00a0ya eres alumno\/a<\/u>,\u00a0<span style=\"font-size: 15px; font-weight: 600;\">habr\u00e1s recibido tu clave iANDE\u00a0<\/span>v\u00eda iPASEN.<br \/><h3 style=\"margin-bottom: 0px; font-variant-ligatures: normal; font-variant-caps: normal; line-height: 24px; font-family: open_sansregular, Verdana, Geneva, sans-serif; font-size: 16px; font-style: normal; color: #575555; background-color: #ffffff;\">\u00a0<\/h3><\/li><\/ul><\/div>\n\t\t\t\t<\/div>\n\t\t\t\t\t\t\t<div class=\"elementor-toggle-item\">\n\t\t\t\t\t<div id=\"elementor-tab-title-2203\" class=\"elementor-tab-title\" data-tab=\"3\" role=\"button\" aria-controls=\"elementor-tab-content-2203\" aria-expanded=\"false\">\n\t\t\t\t\t\t\t\t\t\t\t\t<span class=\"elementor-toggle-icon elementor-toggle-icon-left\" aria-hidden=\"true\">\n\t\t\t\t\t\t\t\t\t\t\t\t\t\t\t<span class=\"elementor-toggle-icon-closed\"><i class=\"fas fa-angle-double-down\"><\/i><\/span>\n\t\t\t\t\t\t\t\t<span class=\"elementor-toggle-icon-opened\"><i class=\"elementor-toggle-icon-opened fas fa-caret-up\"><\/i><\/span>\n\t\t\t\t\t\t\t\t\t\t\t\t\t<\/span>\n\t\t\t\t\t\t\t\t\t\t\t\t<a class=\"elementor-toggle-title\" tabindex=\"0\">MAS INFORMACI\u00d3N<\/a>\n\t\t\t\t\t<\/div>\n\n\t\t\t\t\t<div id=\"elementor-tab-content-2203\" class=\"elementor-tab-content elementor-clearfix\" data-tab=\"3\" role=\"region\" aria-labelledby=\"elementor-tab-title-2203\"><ul><li>Oferta Educativa (C\u00f3digos de Ciclos y C\u00f3digos de Centros) (por publicar)<\/li><li>Alegaciones Relaci\u00f3n Provisional de Solicitudes.<\/li><li><a href=\"https:\/\/www.juntadeandalucia.es\/educacion\/portales\/web\/escolarizacion\/fp\">M\u00e1s informaci\u00f3n en el Portal de Escolarizaci\u00f3n de Formaci\u00f3n Profesional<\/a><\/li><\/ul><\/div>\n\t\t\t\t<\/div>\n\t\t\t\t\t\t\t\t\t\t<script type=\"application\/ld+json\">{\"@context\":\"https:\\\/\\\/schema.org\",\"@type\":\"FAQPage\",\"mainEntity\":[{\"@type\":\"Question\",\"name\":\"CALENDARIO DE ADMISI\\u00d3N\",\"acceptedAnswer\":{\"@type\":\"Answer\",\"text\":\"<p>\\u00a0Todas las publicaciones\\u00a0 se podr\\u00e1n consultar,\\u00a0 en las fechas indicadas:<\\\/p><ul><li>En el\\u00a0<strong>tabl\\u00f3n de anuncios<\\\/strong>\\u00a0del centro.<\\\/li><\\\/ul><p>En la\\u00a0 \\u00a0<strong>Secretar\\u00eda Virtual\\u00a0de los Centros Educativos<\\\/strong><strong>\\u00a0\\u00a0(Recomendado)<\\\/strong><\\\/p><ul><li style=\\\"list-style-type: none;\\\"><ul><li><strong><span style=\\\"color: #0000ff;\\\">Solicitudes<\\\/span><\\\/strong>: Del 15 al 30de junio<\\\/li><li><span style=\\\"color: #008000;\\\"><strong>Relaci\\u00f3n Provisional de Solicitudes<\\\/strong><\\\/span>: 3 Julio<\\\/li><li><span style=\\\"color: #003366;\\\"><strong>Alegaciones Relaci\\u00f3n Provisional<\\\/strong><\\\/span>:\\u00a0 del 4 al 7 de Julio<\\\/li><li><strong><span style=\\\"color: #ff6600;\\\">Relaci\\u00f3n\\u00a0 Definitiva de Solicitudes<\\\/span><\\\/strong>: 14 Julio<\\\/li><li><span style=\\\"color: #000080;\\\"><strong>Adjudicaci\\u00f3n<\\\/strong><\\\/span>:\\u00a0 15 Julio\\u00a0<\\\/li><li style=\\\"font-size: 18px;\\\"><span style=\\\"font-size: 18px; color: #339966;\\\"><span style=\\\"font-size: 18px; font-weight: 600;\\\">Matr\\u00edcula<\\\/span><\\\/span><span style=\\\"font-size: 18px;\\\">:\\u00a0 Del 16 al 21 Julio<\\\/span><\\\/li><\\\/ul><\\\/li><\\\/ul><p style=\\\"font-size: 18px;\\\"><span style=\\\"font-family: Roboto, sans-serif; font-size: 18px; font-style: normal; font-variant-ligatures: normal; font-variant-caps: normal; font-weight: 600;\\\">LISTAS DE ESPERA\\u00a0<\\\/span><\\\/p><ul><li style=\\\"list-style-type: none;\\\"><ul style=\\\"font-size: 18px;\\\"><li style=\\\"font-size: 18px;\\\"><span style=\\\"font-variant-ligatures: normal; font-variant-caps: normal; font-family: Roboto, sans-serif; font-size: 18px; font-style: normal; font-weight: 600;\\\">Hasta 15 d\\u00edas despu\\u00e9s del inicio del curso.<\\\/span><\\\/li><\\\/ul><\\\/li><\\\/ul>\"}},{\"@type\":\"Question\",\"name\":\"PRESENTACI\\u00d3N DE SOLICITUDES\",\"acceptedAnswer\":{\"@type\":\"Answer\",\"text\":\"<ul><li>La solicitudes se rellenar\\u00e1n\\u00a0 a trav\\u00e9s de la\\u00a0<a href=\\\"https:\\\/\\\/www.juntadeandalucia.es\\\/educacion\\\/secretariavirtual\\\/solicitudes\\\/\\\" target=\\\"_blank\\\" rel=\\\"noopener\\\">Secretaria Virtual\\u00a0de los Centros Educativos:<img class=\\\"aligncenter\\\" src=\\\"https:\\\/\\\/www.juntadeandalucia.es\\\/educacion\\\/secretariavirtual\\\/images\\\/logo_secretaria_virtual.png\\\" alt=\\\"\\\" \\\/><\\\/a><\\\/li><\\\/ul><p>\\u00a0Los enlaces estar\\u00e1n activos durante los plazos de solicitudes<\\\/p><ul><li><strong>Mediante Clave iANDe:\\u00a0\\u00a0<\\\/strong><u>Se rellenar\\u00e1 la solicitud<\\\/u>\\u00a0 y una vez finalizada, esta\\u00a0<u>quedar\\u00e1 presentada<\\\/u>\\u00a0si necesidad de ir al centro.\\u00a0\\u00a0<strong>\\u00a0(Recomendada)\\u00a0\\u00a0<\\\/strong><strong style=\\\"font-size: 18px;\\\">\\u00a0 \\u00a0<\\\/strong><\\\/li><\\\/ul><p><strong style=\\\"font-size: 18px;\\\">\\u00a0 \\u00a0 \\u00a0 \\u00a0 \\u00a0 \\u00a0 \\u00a0 \\u00a0 \\u00a0 \\u00a0 \\u00a0 \\u00a0 \\u00a0 \\u00a0 \\u00a0 \\u00a0 \\u00a0 \\u00a0 \\u00a0 \\u00a0 \\u00a0 \\u00a0 \\u00a0 \\u00a0 \\u00a0 \\u00a0 \\u00a0<a href=\\\"https:\\\/\\\/www.juntadeandalucia.es\\\/educacion\\\/secretariavirtual\\\/accesoTramite\\\/519\\\/\\\" target=\\\"_blank\\\" rel=\\\"noopener\\\">Rellernar Solicitud\\u00a0Secretar\\u00eda Virtual<\\\/a><\\\/strong><a href=\\\"_wp_link_placeholder\\\"><strong style=\\\"font-size: 18px;\\\">\\u00a0<\\\/strong><\\\/a><\\\/p><ul><li><strong>\\u00a0Mediante Certificado Digital: <\\\/strong><u>Se rellenar\\u00e1 la solicitud\\u00a0<\\\/u>y una vez finalizada, esta\\u00a0<u>quedar\\u00e1 presentada<\\\/u>\\u00a0si necesidad de ir al centro.<\\\/li><\\\/ul><p><strong>\\u00a0 \\u00a0 \\u00a0 \\u00a0 \\u00a0 \\u00a0 \\u00a0 \\u00a0 \\u00a0 \\u00a0 \\u00a0 \\u00a0 \\u00a0 \\u00a0 \\u00a0 \\u00a0 \\u00a0 \\u00a0 \\u00a0 \\u00a0 \\u00a0 \\u00a0 \\u00a0 \\u00a0 \\u00a0 \\u00a0 \\u00a0<a href=\\\"https:\\\/\\\/www.juntadeandalucia.es\\\/educacion\\\/secretariavirtual\\\/accesoTramite\\\/519\\\/\\\" target=\\\"_blank\\\" rel=\\\"noopener\\\">Rellernar Solicitud\\u00a0Secretar\\u00eda Virtual<\\\/a>\\u00a0 \\u00a0 \\u00a0 \\u00a0\\u00a0<\\\/strong><\\\/p><p style=\\\"font-variant-ligatures: normal; font-variant-caps: normal; font-family: Roboto, sans-serif; font-size: 15px; font-style: normal; font-weight: 400; background-color: #f6fbff;\\\"><span style=\\\"font-size: 15px; font-weight: 600;\\\">C\\u00f3mo solicitar la clave iANDE, para poder identificarme en el proceso de admisi\\u00f3n y matriculaci\\u00f3n:<\\\/span><\\\/p><ul style=\\\"font-variant-ligatures: normal; font-variant-caps: normal; font-family: Roboto, sans-serif; font-size: 15px; font-style: normal; font-weight: 400; background-color: #f6fbff;\\\"><li style=\\\"font-size: 15px;\\\"><u style=\\\"font-size: 15px;\\\"><span style=\\\"font-size: 15px; font-weight: 600;\\\">NO\\u00a0<\\\/span>eres alumno\\\/a del sistema educativo andaluz<\\\/u>\\u00a0en el presente curso escolar ,\\u00a0<span style=\\\"font-size: 15px; font-weight: 600;\\\"><a style=\\\"font-size: 15px;\\\" href=\\\"https:\\\/\\\/www.juntadeandalucia.es\\\/educacion\\\/secretariavirtual\\\/autenticacion\\\/registroUsuarioIANDE\\\/\\\" target=\\\"_blank\\\" rel=\\\"noopener\\\">debes solicitar tu\\u00a0clave iANDe<\\\/a>\\u00a0 en cualquier Centro Educativo.<\\\/span><\\\/li><li style=\\\"font-size: 15px;\\\"><u style=\\\"font-size: 15px;\\\"><span style=\\\"font-size: 15px; font-weight: 600;\\\">SI<\\\/span>\\u00a0ya eres alumno\\\/a<\\\/u>,\\u00a0<span style=\\\"font-size: 15px; font-weight: 600;\\\">habr\\u00e1s recibido tu clave iANDE\\u00a0<\\\/span>v\\u00eda iPASEN.<br \\\/><h3 style=\\\"margin-bottom: 0px; font-variant-ligatures: normal; font-variant-caps: normal; line-height: 24px; font-family: open_sansregular, Verdana, Geneva, sans-serif; font-size: 16px; font-style: normal; color: #575555; background-color: #ffffff;\\\">\\u00a0<\\\/h3><\\\/li><\\\/ul>\"}},{\"@type\":\"Question\",\"name\":\"MAS INFORMACI\\u00d3N\",\"acceptedAnswer\":{\"@type\":\"Answer\",\"text\":\"<ul><li>Oferta Educativa (C\\u00f3digos de Ciclos y C\\u00f3digos de Centros) (por publicar)<\\\/li><li>Alegaciones Relaci\\u00f3n Provisional de Solicitudes.<\\\/li><li><a href=\\\"https:\\\/\\\/www.juntadeandalucia.es\\\/educacion\\\/portales\\\/web\\\/escolarizacion\\\/fp\\\">M\\u00e1s informaci\\u00f3n en el Portal de Escolarizaci\\u00f3n de Formaci\\u00f3n Profesional<\\\/a><\\\/li><\\\/ul>\"}}]}<\/script>\n\t\t\t\t\t<\/div>\n\t\t\t\t\t\t<\/div>\n\t\t\t\t<\/div>\n\t\t\t\t\t<\/div>\n\t\t<\/div>\n\t\t\t\t\t<\/div>\n\t\t<\/section>\n\t\t\t\t<section class=\"elementor-section elementor-top-section elementor-element elementor-element-35461f1 elementor-section-boxed elementor-section-height-default elementor-section-height-default\" data-id=\"35461f1\" data-element_type=\"section\" data-e-type=\"section\">\n\t\t\t\t\t\t<div class=\"elementor-container elementor-column-gap-default\">\n\t\t\t\t\t<div class=\"elementor-column elementor-col-100 elementor-top-column elementor-element elementor-element-dbaa287\" data-id=\"dbaa287\" data-element_type=\"column\" data-e-type=\"column\">\n\t\t\t<div class=\"elementor-widget-wrap elementor-element-populated\">\n\t\t\t\t\t\t<div class=\"elementor-element elementor-element-a4a2ce1 elementor-widget-divider--view-line elementor-widget elementor-widget-divider\" data-id=\"a4a2ce1\" data-element_type=\"widget\" data-e-type=\"widget\" data-widget_type=\"divider.default\">\n\t\t\t\t<div class=\"elementor-widget-container\">\n\t\t\t\t\t\t\t<div class=\"elementor-divider\">\n\t\t\t<span class=\"elementor-divider-separator\">\n\t\t\t\t\t\t<\/span>\n\t\t<\/div>\n\t\t\t\t\t\t<\/div>\n\t\t\t\t<\/div>\n\t\t\t\t\t<\/div>\n\t\t<\/div>\n\t\t\t\t\t<\/div>\n\t\t<\/section>\n\t\t\t\t<section class=\"elementor-section elementor-top-section elementor-element elementor-element-a062989 elementor-section-boxed elementor-section-height-default elementor-section-height-default\" data-id=\"a062989\" data-element_type=\"section\" data-e-type=\"section\">\n\t\t\t\t\t\t<div class=\"elementor-container elementor-column-gap-default\">\n\t\t\t\t\t<div class=\"elementor-column elementor-col-100 elementor-top-column elementor-element elementor-element-fe0ba0c\" data-id=\"fe0ba0c\" data-element_type=\"column\" data-e-type=\"column\">\n\t\t\t<div class=\"elementor-widget-wrap elementor-element-populated\">\n\t\t\t\t\t\t<div class=\"elementor-element elementor-element-2a6d288 elementor-widget elementor-widget-heading\" data-id=\"2a6d288\" data-element_type=\"widget\" data-e-type=\"widget\" data-widget_type=\"heading.default\">\n\t\t\t\t<div class=\"elementor-widget-container\">\n\t\t\t\t\t<h2 class=\"elementor-heading-title elementor-size-default\"><br>Oferta Formativa Grado B\u00e1sico (No disponible en este centro)<br><\/h2>\t\t\t\t<\/div>\n\t\t\t\t<\/div>\n\t\t\t\t\t<\/div>\n\t\t<\/div>\n\t\t\t\t\t<\/div>\n\t\t<\/section>\n\t\t\t\t<section class=\"elementor-section elementor-top-section elementor-element elementor-element-b269ee7 elementor-section-boxed elementor-section-height-default elementor-section-height-default\" data-id=\"b269ee7\" data-element_type=\"section\" data-e-type=\"section\">\n\t\t\t\t\t\t<div class=\"elementor-container elementor-column-gap-default\">\n\t\t\t\t\t<div class=\"elementor-column elementor-col-100 elementor-top-column elementor-element elementor-element-287dec8\" data-id=\"287dec8\" data-element_type=\"column\" data-e-type=\"column\">\n\t\t\t<div class=\"elementor-widget-wrap elementor-element-populated\">\n\t\t\t\t\t\t<div class=\"elementor-element elementor-element-5e41c65 elementor-widget elementor-widget-text-editor\" data-id=\"5e41c65\" data-element_type=\"widget\" data-e-type=\"widget\" data-widget_type=\"text-editor.default\">\n\t\t\t\t<div class=\"elementor-widget-container\">\n\t\t\t\t\t\t\t\t\t<h2><strong style=\"font-size: 20px;\">Deben realizar este proceso de admisi\u00f3n, el<u>\u00a0alumnado de nuevo ingreso<\/u>\u00a0\u00a0<\/strong><\/h2><p>Se deber\u00e1 solicitar mediante una\u00a0<strong>\u00fanica solicitud<\/strong>\u00a0en la que se indicar\u00e1 el ciclo formativo y\u00a0 centro educativo en el que desea ser admitido. En la misma solicitud\u00a0 puede indicar hasta 10 ciclos formativos en orden de prioridad.<\/p>\t\t\t\t\t\t\t\t<\/div>\n\t\t\t\t<\/div>\n\t\t\t\t\t<\/div>\n\t\t<\/div>\n\t\t\t\t\t<\/div>\n\t\t<\/section>\n\t\t\t\t<section class=\"elementor-section elementor-top-section elementor-element elementor-element-dcb9185 elementor-section-boxed elementor-section-height-default elementor-section-height-default\" data-id=\"dcb9185\" data-element_type=\"section\" data-e-type=\"section\">\n\t\t\t\t\t\t<div class=\"elementor-container elementor-column-gap-default\">\n\t\t\t\t\t<div class=\"elementor-column elementor-col-100 elementor-top-column elementor-element elementor-element-3656b44\" data-id=\"3656b44\" data-element_type=\"column\" data-e-type=\"column\">\n\t\t\t<div class=\"elementor-widget-wrap elementor-element-populated\">\n\t\t\t\t\t\t<div class=\"elementor-element elementor-element-7c9e8a9 elementor-widget elementor-widget-toggle\" data-id=\"7c9e8a9\" data-element_type=\"widget\" data-e-type=\"widget\" data-widget_type=\"toggle.default\">\n\t\t\t\t<div class=\"elementor-widget-container\">\n\t\t\t\t\t\t\t<div class=\"elementor-toggle\">\n\t\t\t\t\t\t\t<div class=\"elementor-toggle-item\">\n\t\t\t\t\t<div id=\"elementor-tab-title-1301\" class=\"elementor-tab-title\" data-tab=\"1\" role=\"button\" aria-controls=\"elementor-tab-content-1301\" aria-expanded=\"false\">\n\t\t\t\t\t\t\t\t\t\t\t\t<span class=\"elementor-toggle-icon elementor-toggle-icon-left\" aria-hidden=\"true\">\n\t\t\t\t\t\t\t\t\t\t\t\t\t\t\t<span class=\"elementor-toggle-icon-closed\"><i class=\"fas fa-angle-double-down\"><\/i><\/span>\n\t\t\t\t\t\t\t\t<span class=\"elementor-toggle-icon-opened\"><i class=\"elementor-toggle-icon-opened fas fa-caret-up\"><\/i><\/span>\n\t\t\t\t\t\t\t\t\t\t\t\t\t<\/span>\n\t\t\t\t\t\t\t\t\t\t\t\t<a class=\"elementor-toggle-title\" tabindex=\"0\">CALENDARIO DE ADMISI\u00d3N<\/a>\n\t\t\t\t\t<\/div>\n\n\t\t\t\t\t<div id=\"elementor-tab-content-1301\" class=\"elementor-tab-content elementor-clearfix\" data-tab=\"1\" role=\"region\" aria-labelledby=\"elementor-tab-title-1301\"><p>\u00a0Todas las publicaciones\u00a0 se podr\u00e1n consultar,\u00a0 en las fechas indicadas:<\/p><ul><li>En el\u00a0<strong>tabl\u00f3n de anuncios<\/strong>\u00a0del centro.<\/li><li>En la\u00a0 \u00a0<strong>Secretar\u00eda Virtual\u00a0de los Centros Educativos<\/strong><strong>\u00a0\u00a0(Recomendado)<\/strong><strong><a href=\"https:\/\/www.juntadeandalucia.es\/educacion\/secretariavirtual\/consultas\/\" target=\"_blank\" rel=\"noopener\"><img decoding=\"async\" src=\"https:\/\/www.iessansebastian.com\/include\/image.php?i=2q&amp;w=170&amp;h=30&amp;img=%2Fimage%2Fescolarizaci%C3%B3n%202020-21%2Flogo%20secretaria%20virtual.jpg\" alt=\"\" \/><\/a><\/strong><p><strong>PER\u00cdODO\u00a0 ORDINARIO<\/strong><\/p><ul><li><strong><span style=\"color: #0000ff;\">Solicitudes<\/span><\/strong>: Del 15 al 30 de junio\u00a0<\/li><li><span style=\"color: #008000;\"><strong>Relaci\u00f3n Provisional de Solicitudes<\/strong><\/span>: 3 Julio<\/li><li><span style=\"color: #003366;\"><strong>Alegaciones Relaci\u00f3n Provisional de Solicitudes<\/strong><\/span>: del 4 al 7 deJulio<\/li><li><strong><span style=\"color: #ff6600;\">Relaci\u00f3n\u00a0 Definitiva de Solicitudes<\/span><\/strong>: 10 Julio<\/li><li><span style=\"color: #000080;\"><strong>Adjudicaci\u00f3n<\/strong><\/span>: 1\u00aa Adj. 10 Julio \/ 2\u00ba Adj. 21 Julio<\/li><li><strong><span style=\"color: #993366;\">Matricula o Reserva<\/span><\/strong>: 1\u00aaAdj. Del 11 al 16 Julio<\/li><li><span style=\"color: #339966;\"><strong>Matr\u00edcula<\/strong><\/span>: 2\u00aa Adj. Del 22 al 24 Julio<\/li><\/ul><p><span style=\"font-family: Roboto, sans-serif; font-size: 18px; font-style: normal; font-variant-ligatures: normal; font-variant-caps: normal; font-weight: 600;\">LISTAS DE ESPERA\u00a0<\/span><\/p><ul><li><span style=\"font-family: Roboto, sans-serif; font-size: 18px; font-style: normal; font-variant-ligatures: normal; font-variant-caps: normal; font-weight: 600;\">Per\u00edodo Ordinario: hasta el 15 de noviembre<\/span><\/li><\/ul><\/li><\/ul><\/div>\n\t\t\t\t<\/div>\n\t\t\t\t\t\t\t<div class=\"elementor-toggle-item\">\n\t\t\t\t\t<div id=\"elementor-tab-title-1302\" class=\"elementor-tab-title\" data-tab=\"2\" role=\"button\" aria-controls=\"elementor-tab-content-1302\" aria-expanded=\"false\">\n\t\t\t\t\t\t\t\t\t\t\t\t<span class=\"elementor-toggle-icon elementor-toggle-icon-left\" aria-hidden=\"true\">\n\t\t\t\t\t\t\t\t\t\t\t\t\t\t\t<span class=\"elementor-toggle-icon-closed\"><i class=\"fas fa-angle-double-down\"><\/i><\/span>\n\t\t\t\t\t\t\t\t<span class=\"elementor-toggle-icon-opened\"><i class=\"elementor-toggle-icon-opened fas fa-caret-up\"><\/i><\/span>\n\t\t\t\t\t\t\t\t\t\t\t\t\t<\/span>\n\t\t\t\t\t\t\t\t\t\t\t\t<a class=\"elementor-toggle-title\" tabindex=\"0\">PRESENTACI\u00d3N DE SOLICITUDES<\/a>\n\t\t\t\t\t<\/div>\n\n\t\t\t\t\t<div id=\"elementor-tab-content-1302\" class=\"elementor-tab-content elementor-clearfix\" data-tab=\"2\" role=\"region\" aria-labelledby=\"elementor-tab-title-1302\"><ul><li>La solicitudes se rellenar\u00e1n\u00a0 a trav\u00e9s de la\u00a0<a href=\"https:\/\/www.juntadeandalucia.es\/educacion\/secretariavirtual\/solicitudes\/\" target=\"_blank\" rel=\"noopener\">Secretaria Virtual\u00a0de los Centros Educativos:<img decoding=\"async\" src=\"https:\/\/www.juntadeandalucia.es\/educacion\/secretariavirtual\/images\/logo_secretaria_virtual.png\" alt=\"\" \/><\/a><\/li><\/ul><p>\u00a0Los enlaces estar\u00e1n activos durante los plazos de solicitudes<\/p><ul><li><strong>Mediante Clave iANDe:\u00a0\u00a0<\/strong><u>Se rellenar\u00e1 la solicitud<\/u>\u00a0 y una vez finalizada, esta\u00a0<u>quedar\u00e1 presentada<\/u>\u00a0si necesidad de ir al centro.\u00a0\u00a0<strong>\u00a0(Recomendada)\u00a0<\/strong><strong style=\"font-size: 18px;\">\u00a0 \u00a0 \u00a0 \u00a0 \u00a0 \u00a0 \u00a0 \u00a0 \u00a0 \u00a0\u00a0<\/strong><\/li><\/ul><p><strong style=\"font-size: 18px;\">\u00a0 \u00a0 \u00a0 \u00a0 \u00a0 \u00a0 \u00a0 \u00a0 \u00a0 \u00a0 \u00a0 \u00a0 \u00a0 \u00a0 \u00a0 \u00a0 \u00a0 \u00a0 \u00a0 \u00a0 \u00a0 \u00a0 \u00a0 \u00a0 \u00a0 \u00a0 \u00a0 \u00a0 \u00a0 \u00a0 \u00a0 \u00a0 \u00a0 <\/strong><span style=\"font-size: 18px;\">\u00a0<a href=\"https:\/\/www.juntadeandalucia.es\/educacion\/secretariavirtual\/accesoTramite\/265\/\">Rellenar Solicitud Grado B\u00e1sico<\/a><\/span><span style=\"font-variant-ligatures: normal; font-variant-caps: normal; font-family: Roboto, sans-serif; font-size: 18px; font-style: normal; font-weight: 600;\">\u00a0 \u00a0 \u00a0 \u00a0 \u00a0 \u00a0 \u00a0 \u00a0 \u00a0 \u00a0 \u00a0 \u00a0 \u00a0 \u00a0 \u00a0 \u00a0 \u00a0 \u00a0 \u00a0 \u00a0 \u00a0 \u00a0 \u00a0 \u00a0 \u00a0 \u00a0 \u00a0 \u00a0 \u00a0 <\/span><\/p><table><tbody><tr><td>\u00a0\u00a0<\/td><td><a href=\"https:\/\/www.juntadeandalucia.es\/educacion\/secretariavirtual\/accesoTramite\/308\/\" target=\"_blank\" rel=\"noopener\"><img decoding=\"async\" src=\"https:\/\/www.iessansebastian.com\/include\/image.php?i=1\/u&amp;w=200&amp;h=60&amp;img=%2Fimage%2FNOVEDADES%2Fiande%20solicitud%20grado%20medio.jpg\" alt=\"\" \/><\/a><\/td><td>\u00a0<\/td><\/tr><\/tbody><\/table><p><strong>\u00a0Mediante Certificado Digital: <\/strong><u>Se rellenar\u00e1 la solicitud\u00a0<\/u>y una vez finalizada, esta\u00a0<u>quedar\u00e1 presentada<\/u>\u00a0si necesidad de ir al centro.<\/p><table><tbody><tr><td>\u00a0 \u00a0 \u00a0 \u00a0 \u00a0 \u00a0 \u00a0 \u00a0 \u00a0 \u00a0 \u00a0 \u00a0 \u00a0 \u00a0 \u00a0 \u00a0 \u00a0 \u00a0 \u00a0 \u00a0 \u00a0 \u00a0 \u00a0 \u00a0 \u00a0 \u00a0 \u00a0 \u00a0 \u00a0 \u00a0 \u00a0 \u00a0 \u00a0 <span style=\"font-size: 18px;\">\u00a0<a href=\"https:\/\/www.juntadeandalucia.es\/educacion\/secretariavirtual\/accesoTramite\/265\/\">Rellenar Solicitud Grado B\u00e1sico\u00a0<\/a><\/span><a style=\"font-size: 18px; background-color: #ffffff;\" href=\"https:\/\/www.juntadeandalucia.es\/educacion\/secretariavirtual\/accesoTramite\/308\/\"><span style=\"font-size: 18px; font-weight: bold;\"><br \/><\/span><\/a><span style=\"font-family: Roboto, sans-serif; font-size: 18px; font-style: normal; font-variant-ligatures: normal; font-variant-caps: normal; font-weight: 600;\">\u00a0 \u00a0 \u00a0 \u00a0 \u00a0 \u00a0 \u00a0 \u00a0 \u00a0 \u00a0 \u00a0 \u00a0 \u00a0 \u00a0 \u00a0 \u00a0 \u00a0 \u00a0 \u00a0 \u00a0 \u00a0 \u00a0 \u00a0 \u00a0 \u00a0 \u00a0 \u00a0 \u00a0 \u00a0 \u00a0 \u00a0 \u00a0 \u00a0 \u00a0<\/span><\/td><td><a href=\"https:\/\/www.juntadeandalucia.es\/educacion\/secretariavirtual\/accesoTramite\/308\/\" target=\"_blank\" rel=\"noopener\"><img decoding=\"async\" src=\"https:\/\/www.iessansebastian.com\/include\/image.php?i=1\/w&amp;w=200&amp;h=60&amp;img=%2Fimage%2FNOVEDADES%2Fcertificado%20solicitud%20grado%20medio.jpg\" alt=\"\" \/><\/a><\/td><td><a href=\"https:\/\/www.juntadeandalucia.es\/educacion\/secretariavirtual\/accesoTramite\/317\/\" target=\"_blank\" rel=\"noopener\"><img decoding=\"async\" src=\"https:\/\/www.iessansebastian.com\/include\/image.php?i=1\/x&amp;w=200&amp;h=60&amp;img=%2Fimage%2FNOVEDADES%2Fcertificado%20solicitud%20grado%20superior.jpg\" alt=\"\" \/><\/a><\/td><\/tr><\/tbody><\/table><ul><li><strong>Presencialmente en Secretar\u00eda:<\/strong><strong>\u00a0\u00a0<\/strong><u>Se rellenarla la solicitud (online a trav\u00e9s de Secretar\u00eda Virtual)\u00a0 y una vez impresa<\/u>,\u00a0 deber\u00e1 acudir al centro y\u00a0<u>presentarla en la secretar\u00eda<\/u>.<strong>\u00a0(No recomendado)<\/strong><\/li><\/ul><table><tbody><tr><td><p>\u00a0 \u00a0 \u00a0 \u00a0 \u00a0 \u00a0 \u00a0 \u00a0 \u00a0 \u00a0 \u00a0 \u00a0 \u00a0 \u00a0 \u00a0 \u00a0 \u00a0 \u00a0 \u00a0 \u00a0 \u00a0 \u00a0 \u00a0 \u00a0 \u00a0 \u00a0 \u00a0 \u00a0 \u00a0 \u00a0 \u00a0 \u00a0 <span style=\"font-size: 18px;\">\u00a0<a href=\"https:\/\/www.juntadeandalucia.es\/educacion\/secretariavirtual\/accesoTramite\/265\/\">Rellenar Solicitud Grado B\u00e1sico\u00a0<\/a><\/span><span style=\"font-family: Roboto, sans-serif; font-size: 18px; font-style: normal; font-variant-ligatures: normal; font-variant-caps: normal; font-weight: 600;\">\u00a0 \u00a0 \u00a0 \u00a0 \u00a0 \u00a0 \u00a0 \u00a0 \u00a0 \u00a0 \u00a0 \u00a0 \u00a0 \u00a0 \u00a0 \u00a0 \u00a0 \u00a0 \u00a0 \u00a0 \u00a0 \u00a0 \u00a0 \u00a0 \u00a0 \u00a0 \u00a0 \u00a0 \u00a0 \u00a0 \u00a0\u00a0<\/span><\/p><\/td><td>\u00a0<\/td><td>\u00a0<\/td><\/tr><\/tbody><\/table><\/div>\n\t\t\t\t<\/div>\n\t\t\t\t\t\t\t<div class=\"elementor-toggle-item\">\n\t\t\t\t\t<div id=\"elementor-tab-title-1303\" class=\"elementor-tab-title\" data-tab=\"3\" role=\"button\" aria-controls=\"elementor-tab-content-1303\" aria-expanded=\"false\">\n\t\t\t\t\t\t\t\t\t\t\t\t<span class=\"elementor-toggle-icon elementor-toggle-icon-left\" aria-hidden=\"true\">\n\t\t\t\t\t\t\t\t\t\t\t\t\t\t\t<span class=\"elementor-toggle-icon-closed\"><i class=\"fas fa-angle-double-down\"><\/i><\/span>\n\t\t\t\t\t\t\t\t<span class=\"elementor-toggle-icon-opened\"><i class=\"elementor-toggle-icon-opened fas fa-caret-up\"><\/i><\/span>\n\t\t\t\t\t\t\t\t\t\t\t\t\t<\/span>\n\t\t\t\t\t\t\t\t\t\t\t\t<a class=\"elementor-toggle-title\" tabindex=\"0\">MAS INFORMACI\u00d3N<\/a>\n\t\t\t\t\t<\/div>\n\n\t\t\t\t\t<div id=\"elementor-tab-content-1303\" class=\"elementor-tab-content elementor-clearfix\" data-tab=\"3\" role=\"region\" aria-labelledby=\"elementor-tab-title-1303\"><ul><li><span style=\"font-size: 18px;\">Alegaciones Relaci\u00f3n Provisional de Solicitudes.<\/span><\/li><li>Reserva Adjudicaci\u00f3n. (Se entregar\u00e1 en el centro adjudicado).\u00a0<\/li><li><a href=\"https:\/\/www.juntadeandalucia.es\/educacion\/portales\/web\/escolarizacion\/fp\">M\u00e1s informaci\u00f3n en el Portal de Escolarizaci\u00f3n de Formaci\u00f3n Profesional<\/a><\/li><\/ul><\/div>\n\t\t\t\t<\/div>\n\t\t\t\t\t\t\t\t\t\t<script type=\"application\/ld+json\">{\"@context\":\"https:\\\/\\\/schema.org\",\"@type\":\"FAQPage\",\"mainEntity\":[{\"@type\":\"Question\",\"name\":\"CALENDARIO DE ADMISI\\u00d3N\",\"acceptedAnswer\":{\"@type\":\"Answer\",\"text\":\"<p>\\u00a0Todas las publicaciones\\u00a0 se podr\\u00e1n consultar,\\u00a0 en las fechas indicadas:<\\\/p><ul><li>En el\\u00a0<strong>tabl\\u00f3n de anuncios<\\\/strong>\\u00a0del centro.<\\\/li><li>En la\\u00a0 \\u00a0<strong>Secretar\\u00eda Virtual\\u00a0de los Centros Educativos<\\\/strong><strong>\\u00a0\\u00a0(Recomendado)<\\\/strong><strong><a href=\\\"https:\\\/\\\/www.juntadeandalucia.es\\\/educacion\\\/secretariavirtual\\\/consultas\\\/\\\" target=\\\"_blank\\\" rel=\\\"noopener\\\"><img src=\\\"https:\\\/\\\/www.iessansebastian.com\\\/include\\\/image.php?i=2q&amp;w=170&amp;h=30&amp;img=%2Fimage%2Fescolarizaci%C3%B3n%202020-21%2Flogo%20secretaria%20virtual.jpg\\\" alt=\\\"\\\" \\\/><\\\/a><\\\/strong><p><strong>PER\\u00cdODO\\u00a0 ORDINARIO<\\\/strong><\\\/p><ul><li><strong><span style=\\\"color: #0000ff;\\\">Solicitudes<\\\/span><\\\/strong>: Del 15 al 30 de junio\\u00a0<\\\/li><li><span style=\\\"color: #008000;\\\"><strong>Relaci\\u00f3n Provisional de Solicitudes<\\\/strong><\\\/span>: 3 Julio<\\\/li><li><span style=\\\"color: #003366;\\\"><strong>Alegaciones Relaci\\u00f3n Provisional de Solicitudes<\\\/strong><\\\/span>: del 4 al 7 deJulio<\\\/li><li><strong><span style=\\\"color: #ff6600;\\\">Relaci\\u00f3n\\u00a0 Definitiva de Solicitudes<\\\/span><\\\/strong>: 10 Julio<\\\/li><li><span style=\\\"color: #000080;\\\"><strong>Adjudicaci\\u00f3n<\\\/strong><\\\/span>: 1\\u00aa Adj. 10 Julio \\\/ 2\\u00ba Adj. 21 Julio<\\\/li><li><strong><span style=\\\"color: #993366;\\\">Matricula o Reserva<\\\/span><\\\/strong>: 1\\u00aaAdj. Del 11 al 16 Julio<\\\/li><li><span style=\\\"color: #339966;\\\"><strong>Matr\\u00edcula<\\\/strong><\\\/span>: 2\\u00aa Adj. Del 22 al 24 Julio<\\\/li><\\\/ul><p><span style=\\\"font-family: Roboto, sans-serif; font-size: 18px; font-style: normal; font-variant-ligatures: normal; font-variant-caps: normal; font-weight: 600;\\\">LISTAS DE ESPERA\\u00a0<\\\/span><\\\/p><ul><li><span style=\\\"font-family: Roboto, sans-serif; font-size: 18px; font-style: normal; font-variant-ligatures: normal; font-variant-caps: normal; font-weight: 600;\\\">Per\\u00edodo Ordinario: hasta el 15 de noviembre<\\\/span><\\\/li><\\\/ul><\\\/li><\\\/ul>\"}},{\"@type\":\"Question\",\"name\":\"PRESENTACI\\u00d3N DE SOLICITUDES\",\"acceptedAnswer\":{\"@type\":\"Answer\",\"text\":\"<ul><li>La solicitudes se rellenar\\u00e1n\\u00a0 a trav\\u00e9s de la\\u00a0<a href=\\\"https:\\\/\\\/www.juntadeandalucia.es\\\/educacion\\\/secretariavirtual\\\/solicitudes\\\/\\\" target=\\\"_blank\\\" rel=\\\"noopener\\\">Secretaria Virtual\\u00a0de los Centros Educativos:<img src=\\\"https:\\\/\\\/www.juntadeandalucia.es\\\/educacion\\\/secretariavirtual\\\/images\\\/logo_secretaria_virtual.png\\\" alt=\\\"\\\" \\\/><\\\/a><\\\/li><\\\/ul><p>\\u00a0Los enlaces estar\\u00e1n activos durante los plazos de solicitudes<\\\/p><ul><li><strong>Mediante Clave iANDe:\\u00a0\\u00a0<\\\/strong><u>Se rellenar\\u00e1 la solicitud<\\\/u>\\u00a0 y una vez finalizada, esta\\u00a0<u>quedar\\u00e1 presentada<\\\/u>\\u00a0si necesidad de ir al centro.\\u00a0\\u00a0<strong>\\u00a0(Recomendada)\\u00a0<\\\/strong><strong style=\\\"font-size: 18px;\\\">\\u00a0 \\u00a0 \\u00a0 \\u00a0 \\u00a0 \\u00a0 \\u00a0 \\u00a0 \\u00a0 \\u00a0\\u00a0<\\\/strong><\\\/li><\\\/ul><p><strong style=\\\"font-size: 18px;\\\">\\u00a0 \\u00a0 \\u00a0 \\u00a0 \\u00a0 \\u00a0 \\u00a0 \\u00a0 \\u00a0 \\u00a0 \\u00a0 \\u00a0 \\u00a0 \\u00a0 \\u00a0 \\u00a0 \\u00a0 \\u00a0 \\u00a0 \\u00a0 \\u00a0 \\u00a0 \\u00a0 \\u00a0 \\u00a0 \\u00a0 \\u00a0 \\u00a0 \\u00a0 \\u00a0 \\u00a0 \\u00a0 \\u00a0 <\\\/strong><span style=\\\"font-size: 18px;\\\">\\u00a0<a href=\\\"https:\\\/\\\/www.juntadeandalucia.es\\\/educacion\\\/secretariavirtual\\\/accesoTramite\\\/265\\\/\\\">Rellenar Solicitud Grado B\\u00e1sico<\\\/a><\\\/span><span style=\\\"font-variant-ligatures: normal; font-variant-caps: normal; font-family: Roboto, sans-serif; font-size: 18px; font-style: normal; font-weight: 600;\\\">\\u00a0 \\u00a0 \\u00a0 \\u00a0 \\u00a0 \\u00a0 \\u00a0 \\u00a0 \\u00a0 \\u00a0 \\u00a0 \\u00a0 \\u00a0 \\u00a0 \\u00a0 \\u00a0 \\u00a0 \\u00a0 \\u00a0 \\u00a0 \\u00a0 \\u00a0 \\u00a0 \\u00a0 \\u00a0 \\u00a0 \\u00a0 \\u00a0 \\u00a0 <\\\/span><\\\/p><table><tbody><tr><td>\\u00a0\\u00a0<\\\/td><td><a href=\\\"https:\\\/\\\/www.juntadeandalucia.es\\\/educacion\\\/secretariavirtual\\\/accesoTramite\\\/308\\\/\\\" target=\\\"_blank\\\" rel=\\\"noopener\\\"><img src=\\\"https:\\\/\\\/www.iessansebastian.com\\\/include\\\/image.php?i=1\\\/u&amp;w=200&amp;h=60&amp;img=%2Fimage%2FNOVEDADES%2Fiande%20solicitud%20grado%20medio.jpg\\\" alt=\\\"\\\" \\\/><\\\/a><\\\/td><td>\\u00a0<\\\/td><\\\/tr><\\\/tbody><\\\/table><p><strong>\\u00a0Mediante Certificado Digital: <\\\/strong><u>Se rellenar\\u00e1 la solicitud\\u00a0<\\\/u>y una vez finalizada, esta\\u00a0<u>quedar\\u00e1 presentada<\\\/u>\\u00a0si necesidad de ir al centro.<\\\/p><table><tbody><tr><td>\\u00a0 \\u00a0 \\u00a0 \\u00a0 \\u00a0 \\u00a0 \\u00a0 \\u00a0 \\u00a0 \\u00a0 \\u00a0 \\u00a0 \\u00a0 \\u00a0 \\u00a0 \\u00a0 \\u00a0 \\u00a0 \\u00a0 \\u00a0 \\u00a0 \\u00a0 \\u00a0 \\u00a0 \\u00a0 \\u00a0 \\u00a0 \\u00a0 \\u00a0 \\u00a0 \\u00a0 \\u00a0 \\u00a0 <span style=\\\"font-size: 18px;\\\">\\u00a0<a href=\\\"https:\\\/\\\/www.juntadeandalucia.es\\\/educacion\\\/secretariavirtual\\\/accesoTramite\\\/265\\\/\\\">Rellenar Solicitud Grado B\\u00e1sico\\u00a0<\\\/a><\\\/span><a style=\\\"font-size: 18px; background-color: #ffffff;\\\" href=\\\"https:\\\/\\\/www.juntadeandalucia.es\\\/educacion\\\/secretariavirtual\\\/accesoTramite\\\/308\\\/\\\"><span style=\\\"font-size: 18px; font-weight: bold;\\\"><br \\\/><\\\/span><\\\/a><span style=\\\"font-family: Roboto, sans-serif; font-size: 18px; font-style: normal; font-variant-ligatures: normal; font-variant-caps: normal; font-weight: 600;\\\">\\u00a0 \\u00a0 \\u00a0 \\u00a0 \\u00a0 \\u00a0 \\u00a0 \\u00a0 \\u00a0 \\u00a0 \\u00a0 \\u00a0 \\u00a0 \\u00a0 \\u00a0 \\u00a0 \\u00a0 \\u00a0 \\u00a0 \\u00a0 \\u00a0 \\u00a0 \\u00a0 \\u00a0 \\u00a0 \\u00a0 \\u00a0 \\u00a0 \\u00a0 \\u00a0 \\u00a0 \\u00a0 \\u00a0 \\u00a0<\\\/span><\\\/td><td><a href=\\\"https:\\\/\\\/www.juntadeandalucia.es\\\/educacion\\\/secretariavirtual\\\/accesoTramite\\\/308\\\/\\\" target=\\\"_blank\\\" rel=\\\"noopener\\\"><img src=\\\"https:\\\/\\\/www.iessansebastian.com\\\/include\\\/image.php?i=1\\\/w&amp;w=200&amp;h=60&amp;img=%2Fimage%2FNOVEDADES%2Fcertificado%20solicitud%20grado%20medio.jpg\\\" alt=\\\"\\\" \\\/><\\\/a><\\\/td><td><a href=\\\"https:\\\/\\\/www.juntadeandalucia.es\\\/educacion\\\/secretariavirtual\\\/accesoTramite\\\/317\\\/\\\" target=\\\"_blank\\\" rel=\\\"noopener\\\"><img src=\\\"https:\\\/\\\/www.iessansebastian.com\\\/include\\\/image.php?i=1\\\/x&amp;w=200&amp;h=60&amp;img=%2Fimage%2FNOVEDADES%2Fcertificado%20solicitud%20grado%20superior.jpg\\\" alt=\\\"\\\" \\\/><\\\/a><\\\/td><\\\/tr><\\\/tbody><\\\/table><ul><li><strong>Presencialmente en Secretar\\u00eda:<\\\/strong><strong>\\u00a0\\u00a0<\\\/strong><u>Se rellenarla la solicitud (online a trav\\u00e9s de Secretar\\u00eda Virtual)\\u00a0 y una vez impresa<\\\/u>,\\u00a0 deber\\u00e1 acudir al centro y\\u00a0<u>presentarla en la secretar\\u00eda<\\\/u>.<strong>\\u00a0(No recomendado)<\\\/strong><\\\/li><\\\/ul><table><tbody><tr><td><p>\\u00a0 \\u00a0 \\u00a0 \\u00a0 \\u00a0 \\u00a0 \\u00a0 \\u00a0 \\u00a0 \\u00a0 \\u00a0 \\u00a0 \\u00a0 \\u00a0 \\u00a0 \\u00a0 \\u00a0 \\u00a0 \\u00a0 \\u00a0 \\u00a0 \\u00a0 \\u00a0 \\u00a0 \\u00a0 \\u00a0 \\u00a0 \\u00a0 \\u00a0 \\u00a0 \\u00a0 \\u00a0 <span style=\\\"font-size: 18px;\\\">\\u00a0<a href=\\\"https:\\\/\\\/www.juntadeandalucia.es\\\/educacion\\\/secretariavirtual\\\/accesoTramite\\\/265\\\/\\\">Rellenar Solicitud Grado B\\u00e1sico\\u00a0<\\\/a><\\\/span><span style=\\\"font-family: Roboto, sans-serif; font-size: 18px; font-style: normal; font-variant-ligatures: normal; font-variant-caps: normal; font-weight: 600;\\\">\\u00a0 \\u00a0 \\u00a0 \\u00a0 \\u00a0 \\u00a0 \\u00a0 \\u00a0 \\u00a0 \\u00a0 \\u00a0 \\u00a0 \\u00a0 \\u00a0 \\u00a0 \\u00a0 \\u00a0 \\u00a0 \\u00a0 \\u00a0 \\u00a0 \\u00a0 \\u00a0 \\u00a0 \\u00a0 \\u00a0 \\u00a0 \\u00a0 \\u00a0 \\u00a0 \\u00a0\\u00a0<\\\/span><\\\/p><\\\/td><td>\\u00a0<\\\/td><td>\\u00a0<\\\/td><\\\/tr><\\\/tbody><\\\/table>\"}},{\"@type\":\"Question\",\"name\":\"MAS INFORMACI\\u00d3N\",\"acceptedAnswer\":{\"@type\":\"Answer\",\"text\":\"<ul><li><span style=\\\"font-size: 18px;\\\">Alegaciones Relaci\\u00f3n Provisional de Solicitudes.<\\\/span><\\\/li><li>Reserva Adjudicaci\\u00f3n. (Se entregar\\u00e1 en el centro adjudicado).\\u00a0<\\\/li><li><a href=\\\"https:\\\/\\\/www.juntadeandalucia.es\\\/educacion\\\/portales\\\/web\\\/escolarizacion\\\/fp\\\">M\\u00e1s informaci\\u00f3n en el Portal de Escolarizaci\\u00f3n de Formaci\\u00f3n Profesional<\\\/a><\\\/li><\\\/ul>\"}}]}<\/script>\n\t\t\t\t\t<\/div>\n\t\t\t\t\t\t<\/div>\n\t\t\t\t<\/div>\n\t\t\t\t\t<\/div>\n\t\t<\/div>\n\t\t\t\t\t<\/div>\n\t\t<\/section>\n\t\t\t\t<\/div>\n\t\t","protected":false},"excerpt":{"rendered":"<p>ADMISI\u00d3N CURSO 2025-2026 Oferta Completa R\u00e9gimen Ordinario 1\u00ba Curso: (alumnado nuevo ingreso) Deben realizar este proceso de admisi\u00f3n, el\u00a0alumnado de nuevo ingreso\u00a0\u00a0o que\u00a0 siendo del centro, desee INICIAR estas ense\u00f1anzas [&hellip;]<\/p>\n","protected":false},"author":1,"featured_media":0,"parent":0,"menu_order":0,"comment_status":"closed","ping_status":"closed","template":"","meta":{"ocean_post_layout":"","ocean_both_sidebars_style":"","ocean_both_sidebars_content_width":0,"ocean_both_sidebars_sidebars_width":0,"ocean_sidebar":"0","ocean_second_sidebar":"0","ocean_disable_margins":"on","ocean_add_body_class":"","ocean_shortcode_before_top_bar":"","ocean_shortcode_after_top_bar":"","ocean_shortcode_before_header":"","ocean_shortcode_after_header":"","ocean_has_shortcode":"","ocean_shortcode_after_title":"","ocean_shortcode_before_footer_widgets":"","ocean_shortcode_after_footer_widgets":"","ocean_shortcode_before_footer_bottom":"","ocean_shortcode_after_footer_bottom":"","ocean_display_top_bar":"default","ocean_display_header":"default","ocean_header_style":"","ocean_center_header_left_menu":"0","ocean_custom_header_template":"0","ocean_custom_logo":0,"ocean_custom_retina_logo":0,"ocean_custom_logo_max_width":0,"ocean_custom_logo_tablet_max_width":0,"ocean_custom_logo_mobile_max_width":0,"ocean_custom_logo_max_height":0,"ocean_custom_logo_tablet_max_height":0,"ocean_custom_logo_mobile_max_height":0,"ocean_header_custom_menu":"0","ocean_menu_typo_font_family":"0","ocean_menu_typo_font_subset":"","ocean_menu_typo_font_size":0,"ocean_menu_typo_font_size_tablet":0,"ocean_menu_typo_font_size_mobile":0,"ocean_menu_typo_font_size_unit":"px","ocean_menu_typo_font_weight":"","ocean_menu_typo_font_weight_tablet":"","ocean_menu_typo_font_weight_mobile":"","ocean_menu_typo_transform":"","ocean_menu_typo_transform_tablet":"","ocean_menu_typo_transform_mobile":"","ocean_menu_typo_line_height":0,"ocean_menu_typo_line_height_tablet":0,"ocean_menu_typo_line_height_mobile":0,"ocean_menu_typo_line_height_unit":"","ocean_menu_typo_spacing":0,"ocean_menu_typo_spacing_tablet":0,"ocean_menu_typo_spacing_mobile":0,"ocean_menu_typo_spacing_unit":"","ocean_menu_link_color":"","ocean_menu_link_color_hover":"","ocean_menu_link_color_active":"","ocean_menu_link_background":"","ocean_menu_link_hover_background":"","ocean_menu_link_active_background":"","ocean_menu_social_links_bg":"","ocean_menu_social_hover_links_bg":"","ocean_menu_social_links_color":"","ocean_menu_social_hover_links_color":"","ocean_disable_title":"on","ocean_disable_heading":"default","ocean_post_title":"","ocean_post_subheading":"","ocean_post_title_style":"","ocean_post_title_background_color":"","ocean_post_title_background":0,"ocean_post_title_bg_image_position":"","ocean_post_title_bg_image_attachment":"","ocean_post_title_bg_image_repeat":"","ocean_post_title_bg_image_size":"","ocean_post_title_height":0,"ocean_post_title_bg_overlay":0.5,"ocean_post_title_bg_overlay_color":"","ocean_disable_breadcrumbs":"default","ocean_breadcrumbs_color":"","ocean_breadcrumbs_separator_color":"","ocean_breadcrumbs_links_color":"","ocean_breadcrumbs_links_hover_color":"","ocean_display_footer_widgets":"default","ocean_display_footer_bottom":"default","ocean_custom_footer_template":"0","footnotes":""},"class_list":["post-333","page","type-page","status-publish","hentry","entry"],"_links":{"self":[{"href":"https:\/\/www.iessansebastian.com\/web\/wp-json\/wp\/v2\/pages\/333","targetHints":{"allow":["GET"]}}],"collection":[{"href":"https:\/\/www.iessansebastian.com\/web\/wp-json\/wp\/v2\/pages"}],"about":[{"href":"https:\/\/www.iessansebastian.com\/web\/wp-json\/wp\/v2\/types\/page"}],"author":[{"embeddable":true,"href":"https:\/\/www.iessansebastian.com\/web\/wp-json\/wp\/v2\/users\/1"}],"replies":[{"embeddable":true,"href":"https:\/\/www.iessansebastian.com\/web\/wp-json\/wp\/v2\/comments?post=333"}],"version-history":[{"count":443,"href":"https:\/\/www.iessansebastian.com\/web\/wp-json\/wp\/v2\/pages\/333\/revisions"}],"predecessor-version":[{"id":10548,"href":"https:\/\/www.iessansebastian.com\/web\/wp-json\/wp\/v2\/pages\/333\/revisions\/10548"}],"wp:attachment":[{"href":"https:\/\/www.iessansebastian.com\/web\/wp-json\/wp\/v2\/media?parent=333"}],"curies":[{"name":"wp","href":"https:\/\/api.w.org\/{rel}","templated":true}]}}